{"id":12602,"date":"2023-11-17T03:03:21","date_gmt":"2023-11-17T03:03:21","guid":{"rendered":"https:\/\/s45175.p1717.sites.pressdns.com\/privacy\/"},"modified":"2025-09-25T14:17:13","modified_gmt":"2025-09-25T14:17:13","slug":"declarac-o-de-privacidade","status":"publish","type":"page","link":"https:\/\/www.radancy.com\/pt-br\/declarac-o-de-privacidade\/","title":{"rendered":"Declara\u00e7\u00e3o de Privacidade"},"content":{"rendered":"\n<div class=\"wp-block-group alignfull title-bar has-neutral-1-color has-primary-3-background-color has-text-color has-background is-vertical is-content-justification-center is-layout-flex wp-container-core-group-is-layout-4ca397b3 wp-block-group-is-layout-flex\" style=\"margin-top:0;margin-bottom:60px;padding-top:35px;padding-right:35px;padding-bottom:35px;padding-left:35px\">\n<h2 class=\"wp-block-heading has-accent-font-family has-headline-smallest-font-size\" id=\"h-aviso-de-privacidade\" style=\"margin-top:0;margin-bottom:0;font-style:normal;font-weight:400\">Aviso de privacidade<\/h2>\n<\/div>\n\n\n\n<section class=\"wp-block-group section is-vertical is-content-justification-stretch is-layout-flex wp-container-core-group-is-layout-1e49df43 wp-block-group-is-layout-flex\" style=\"padding-bottom:50px\">\n<div class=\"wp-block-group section section-extra--spacing is-vertical is-content-justification-stretch is-layout-flex wp-container-core-group-is-layout-e6edd9f6 wp-block-group-is-layout-flex\">\n<p class=\"effective-date\">\u00daltima atualiza\u00e7\u00e3o: 3 fevereiro 2025<\/p>\n<\/div>\n\n\n\n<div class=\"wp-block-group section section-extra--spacing is-vertical is-content-justification-stretch is-layout-flex wp-container-core-group-is-layout-e6edd9f6 wp-block-group-is-layout-flex\">\n<p>A Radancy<a href=\"https:\/\/www.radancy.com\/pt-br\/declarac-o-de-privacidade\/#_ftn1\">[1]<\/a> e nossas afiliadas (coletivamente, \u201c<strong>Radancy<\/strong>\u201d, \u201c<strong>n\u00f3s<\/strong>\u201d ou \u201c<strong>nos<\/strong>\u201d) querem que voc\u00ea saiba como coletamos, usamos e divulgamos informa\u00e7\u00f5es. Este Aviso de Privacidade descreve nossas pr\u00e1ticas em rela\u00e7\u00e3o \u00e0s informa\u00e7\u00f5es que coletamos por meio de:<\/p>\n\n\n\n<ul class=\"wp-block-list normal\">\n<li>Nosso site (<a href=\"http:\/\/radancy.com\/\">www.radancy.com<\/a>) e qualquer outro site da Radancy, por meio do qual voc\u00ea est\u00e1 acessando este Aviso de Privacidade (o \u201c<strong>Site<\/strong>\u201d);<\/li>\n\n\n\n<li>Mensagens de e-mail em formato HTML que enviamos a voc\u00ea com links para este Aviso de Privacidade ou outras comunica\u00e7\u00f5es com voc\u00ea;<\/li>\n\n\n\n<li>Nossas p\u00e1ginas de redes sociais, incluindo, entre outras, nossas contas do&nbsp;<a href=\"https:\/\/www.linkedin.com\/company\/radancy\/\">LinkedIn<\/a>, do&nbsp;<a href=\"https:\/\/www.facebook.com\/radancy\/\">Facebook<\/a>&nbsp;e do&nbsp;<a href=\"https:\/\/www.instagram.com\/radancyco\/?hl=en\">Instagram<\/a>&nbsp;(coletivamente, nossas \u201c<strong>P\u00e1ginas de Redes Sociais<\/strong>\u201d);<\/li>\n\n\n\n<li>Nossos centros de aprendizado e suporte ao cliente, como o Radancy Support &amp; Trust Center, a Radancy Academy e o Radancy Support Portal (coletivamente, nossos \u201c<strong>Portais<\/strong>\u201d); e<\/li>\n\n\n\n<li>Intera\u00e7\u00f5es comerciais off-line que voc\u00ea estabelece conosco.<\/li>\n<\/ul>\n\n\n\n<p>Coletivamente, nos referimos ao Site, \u00e0s P\u00e1ginas de Redes Sociais, aos e-mails e \u00e0s intera\u00e7\u00f5es comerciais off-line como os \u201c<strong>Servi\u00e7os<\/strong>\u201d.<\/p>\n\n\n\n<p>Este Aviso de Privacidade n\u00e3o se aplica \u00e0s informa\u00e7\u00f5es enviadas por meio das plataformas em que prestamos servi\u00e7os aos nossos clientes, informa\u00e7\u00f5es essas que a Radancy coleta sob o direcionamento de nossos clientes e n\u00e3o t\u00eam rela\u00e7\u00e3o direta com os indiv\u00edduos cujos dados pessoais s\u00e3o tratados em nome de um cliente.<\/p>\n\n\n\n<p>EEste Aviso de Privacidade tamb\u00e9m n\u00e3o se aplica \u00e0s informa\u00e7\u00f5es que coletamos de nossos funcion\u00e1rios, candidatos a vagas de emprego, prestadores de servi\u00e7os ou fornecedores. Al\u00e9m disso, este Aviso de Privacidade n\u00e3o se aplica se voc\u00ea for um candidato ou potencial candidato a vaga de emprego oferecida por um de nossos clientes ou se tiver solicitado informa\u00e7\u00f5es de um de nossos clientes. Caso voc\u00ea n\u00e3o queira mais ser contatado por esse cliente, entre em contato diretamente com ele, de acordo com sua pol\u00edtica de privacidade.<\/p>\n<\/div>\n\n\n\n<h3 class=\"wp-block-heading section section-extra--spacing\" id=\"h-informacoes-pessoais\"><strong><strong>Informa\u00e7\u00f5es Pessoais<\/strong><\/strong><\/h3>\n\n\n\n<p>\u201c<strong>Informa\u00e7\u00f5es Pessoais<\/strong>\u201d s\u00e3o informa\u00e7\u00f5es que identificam algu\u00e9m enquanto indiv\u00edduo ou que se relacionam a um indiv\u00edduo identific\u00e1vel espec\u00edfico. Os Servi\u00e7os coletam Informa\u00e7\u00f5es Pessoais, como por exemplo:<strong>&nbsp;<\/strong><\/p>\n\n\n\n<ul class=\"wp-block-list normal\">\n<li>Nome, Apelido<\/li>\n\n\n\n<li>Foto do perfil<\/li>\n\n\n\n<li>Endere\u00e7o de e-mail<\/li>\n\n\n\n<li>Endere\u00e7o de correspond\u00eancia (incluindo endere\u00e7o de cobran\u00e7a)<\/li>\n\n\n\n<li>N\u00famero de telefone<\/li>\n\n\n\n<li>N\u00famero da conta e senha<\/li>\n\n\n\n<li>Nome de usu\u00e1rio (incluindo o nome de usu\u00e1rio da conta de rede social)<\/li>\n\n\n\n<li>Dados de localiza\u00e7\u00e3o em \u00e2mbito regional, derivados de seu endere\u00e7o IP<\/li>\n\n\n\n<li>Informa\u00e7\u00f5es do cart\u00e3o de pagamento<\/li>\n\n\n\n<li>Registros e c\u00f3pias de sua correspond\u00eancia, se entrar em contato conosco<\/li>\n\n\n\n<li>Suas respostas a question\u00e1rios que possamos solicitar que voc\u00ea responda para fins de pesquisa<\/li>\n<\/ul>\n\n\n\n<p><em>Se for o caso, para os Portais, al\u00e9m de seu nome e endere\u00e7o de e-mail, poderemos coletar suas informa\u00e7\u00f5es de login,&nbsp; informa\u00e7\u00f5es de ticket de suporte, bem como informa\u00e7\u00f5es sobre os materiais, artigos e\/ou cursos que voc\u00ea pesquisar e\/ou acessar, como guias de produtos ou vis\u00f5es gerais ou outras informa\u00e7\u00f5es sobre produtos e servi\u00e7os da Radancy, a(s) data(s) em que voc\u00ea visitou os Portais aplic\u00e1veis, o \u00faltimo t\u00f3pico visitado, seus coment\u00e1rios e comunica\u00e7\u00f5es com a Radancy e o tempo gasto nos Portais e\/ou em um t\u00f3pico espec\u00edfico.<\/em><\/p>\n\n\n\n<h3 class=\"wp-block-heading\" id=\"h-coleta-de-informacoes-pessoais-nbsp-nbsp\"><b><strong>Coleta de Informa\u00e7\u00f5es Pessoais&nbsp;&nbsp;<\/strong><\/b><\/h3>\n\n\n\n<p>N\u00f3s e nossos prestadores de servi\u00e7os coletamos Informa\u00e7\u00f5es Pessoais de diversas maneiras, inclusive:<\/p>\n\n\n\n<div class=\"wp-block-group copy is-vertical is-content-justification-stretch is-layout-flex wp-container-core-group-is-layout-353c4f5a wp-block-group-is-layout-flex\">\n<div class=\"wp-block-group copy is-vertical is-content-justification-stretch is-layout-flex wp-container-core-group-is-layout-e6edd9f6 wp-block-group-is-layout-flex\">\n<ul class=\"wp-block-list normal\">\n<li><strong>Por meio dos Servi\u00e7os.<\/strong>&nbsp;\n<ul class=\"wp-block-list\">\n<li>Coletamos Informa\u00e7\u00f5es Pessoais por meio dos Servi\u00e7os, por exemplo, quando voc\u00ea se inscreve para receber um boletim informativo, registra uma conta para acessar os Servi\u00e7os, nos contata de modo off-line, solicita uma demonstra\u00e7\u00e3o de nossos servi\u00e7os ou informa\u00e7\u00f5es de vendas, entra em contato com o atendimento ao cliente ou faz uma compra, envia respostas a pesquisas, inscreve-se e\/ou participa de webinars de marketing.<\/li>\n<\/ul>\n<\/li>\n\n\n\n<li><strong>De outras fontes.<\/strong>\n<ul class=\"wp-block-list\">\n<li>Recebemos suas Informa\u00e7\u00f5es Pessoais de outras fontes, por exemplo:\n<ul class=\"wp-block-list\">\n<li>bancos de dados dispon\u00edveis publicamente;<\/li>\n\n\n\n<li>parceiros de marketing conjunto quando eles compartilham as informa\u00e7\u00f5es conosco.<\/li>\n<\/ul>\n<\/li>\n\n\n\n<li>Se voc\u00ea vincular sua conta de rede social \u00e0 sua conta de Servi\u00e7os, voc\u00ea compartilhar\u00e1 conosco determinadas Informa\u00e7\u00f5es Pessoais de sua conta de rede social, por exemplo, seu nome, endere\u00e7o de e-mail, lista de contatos de redes sociais e quaisquer outras informa\u00e7\u00f5es que possam estar ou que voc\u00ea torne acess\u00edveis a n\u00f3s quando vincular sua conta de rede social \u00e0 sua conta de Servi\u00e7os.<\/li>\n<\/ul>\n<\/li>\n<\/ul>\n<\/div>\n<\/div>\n\n\n\n<div class=\"wp-block-group copy-in is-vertical is-content-justification-stretch is-layout-flex wp-container-core-group-is-layout-e6edd9f6 wp-block-group-is-layout-flex\">\n<p>Precisamos coletar Informa\u00e7\u00f5es Pessoais para fornecer os Servi\u00e7os solicitados a voc\u00ea. Se voc\u00ea n\u00e3o fornecer as informa\u00e7\u00f5es solicitadas, talvez n\u00e3o possamos fornecer os Servi\u00e7os. Se voc\u00ea divulgar quaisquer Informa\u00e7\u00f5es Pessoais relacionadas a outras pessoas para n\u00f3s ou para nossos prestadores de servi\u00e7os em decorr\u00eancia da presta\u00e7\u00e3o dos Servi\u00e7os, voc\u00ea declara que tem autoridade para faz\u00ea-lo e para nos conceder a permiss\u00e3o de uso dessas informa\u00e7\u00f5es nos termos deste Aviso de Privacidade.<\/p>\n\n\n\n<h3 class=\"wp-block-heading\" id=\"h-uso-de-informacoes-pessoais\"><b><strong>Uso de Informa\u00e7\u00f5es Pessoais<\/strong><\/b><\/h3>\n\n\n\n<p>N\u00f3s e nossos prestadores de servi\u00e7os usamos as Informa\u00e7\u00f5es Pessoais para as seguintes finalidades:<\/p>\n\n\n\n<div class=\"wp-block-group copy-in is-vertical is-content-justification-stretch is-layout-flex wp-container-core-group-is-layout-353c4f5a wp-block-group-is-layout-flex\">\n<ul class=\"wp-block-list\">\n<li>Entregar as funcionalidades dFornecer a funcionalidade dos<br>Servi\u00e7os e atender \u00e0s suas solicita\u00e7\u00f5es.os Servi\u00e7os e atender \u00e0s suas solicita\u00e7\u00f5es.\n<ul class=\"wp-block-list\">\n<li>Para fornecer a funcionalidade dos Servi\u00e7os a voc\u00ea, como configurar, administrar ou organizar o acesso \u00e0 sua conta.<\/li>\n\n\n\n<li>Permitir que voc\u00ea utilize a Plataforma para promover seus neg\u00f3cios e fornecer benef\u00edcios relacionados ou atendimento ao cliente.<\/li>\n\n\n\n<li>Para responder \u00e0s suas perguntas e atender \u00e0s suas solicita\u00e7\u00f5es, quando voc\u00ea entrar em contato conosco, por exemplo, quando nos enviar perguntas, sugest\u00f5es, elogios ou reclama\u00e7\u00f5es, ou quando solicitar um or\u00e7amento ou outras informa\u00e7\u00f5es sobre nossos Servi\u00e7os.<\/li>\n\n\n\n<li>Para concluir suas transa\u00e7\u00f5es, verificar suas informa\u00e7\u00f5es e fornecer &nbsp;benef\u00edcios relacionados ou atendimento ao cliente.<\/li>\n\n\n\n<li>Para enviar informa\u00e7\u00f5es administrativas a voc\u00ea, como altera\u00e7\u00f5es de nossos termos, condi\u00e7\u00f5es e pol\u00edticas.<\/li>\n\n\n\n<li>Permitir que voc\u00ea envie mensagens a outra pessoa por meio dos Servi\u00e7os, se assim desejar.<\/li>\n\n\n\n<li>Fazemos isso para gerenciar nosso relacionamento contratual com voc\u00ea e\/ou para cumprir uma obriga\u00e7\u00e3o legal.<\/li>\n<\/ul>\n<\/li>\n\n\n\n<li>Fornecer a voc\u00ea nossos boletins informativos e\/ou outros materiais de marketing e facilitar o compartilhamento nas redes sociais.\n<ul class=\"wp-block-list\">\n<li>Para lhe enviar e-mails relacionados a marketing, com informa\u00e7\u00f5es sobre nossos servi\u00e7os, novos produtos e outras not\u00edcias sobre n\u00f3s.<\/li>\n\n\n\n<li>Para facilitar qualquer funcionalidade de compartilhamento nas redes sociais que voc\u00ea opte por usar.<\/li>\n\n\n\n<li>Fazemos isso com seu consentimento ou quando temos um interesse leg\u00edtimo.<\/li>\n<\/ul>\n<\/li>\n\n\n\n<li>An\u00e1lise de Informa\u00e7\u00f5es Pessoais para gera\u00e7\u00e3o de relat\u00f3rios comerciais e presta\u00e7\u00e3o de servi\u00e7os personalizados.\n<ul class=\"wp-block-list\">\n<li>Para analisar ou prever as prefer\u00eancias de nossos usu\u00e1rios a fim de preparar relat\u00f3rios de tend\u00eancias agregadas sobre como nosso conte\u00fado digital \u00e9 utilizado, para que possamos aprimorar nossos Servi\u00e7os.<\/li>\n\n\n\n<li>Para entender melhor seus interesses e prefer\u00eancias a fim de personalizarmos nossas intera\u00e7\u00f5es com voc\u00ea e fornecer informa\u00e7\u00f5es e\/ou ofertas adaptadas aos seus interesses.<\/li>\n\n\n\n<li>Para entender melhor suas prefer\u00eancias a fim de fornecermos, por meio de nossos Servi\u00e7os, conte\u00fados que acreditamos serem relevantes e interessantes para voc\u00ea.<\/li>\n\n\n\n<li>Acompanhar o progresso da implementa\u00e7\u00e3o e analisar a efic\u00e1cia do treinamento.<\/li>\n\n\n\n<li>Forneceremos servi\u00e7os personalizados com base em nossos interesses leg\u00edtimos e mediante seu consentimento, no limite exigido pela legisla\u00e7\u00e3o aplic\u00e1vel.<\/li>\n<\/ul>\n<\/li>\n\n\n\n<li>Agrega\u00e7\u00e3o e\/ou anonimiza\u00e7\u00e3o de Informa\u00e7\u00f5es Pessoais.\n<ul class=\"wp-block-list\">\n<li>Podemos agregar e\/ou anonimizar as Informa\u00e7\u00f5es Pessoais para que elas deixem de ser consideradas Informa\u00e7\u00f5es Pessoais. Fazemos isso para gerar outros dados para nosso uso, que podemos usar e divulgar para qualquer finalidade, j\u00e1 que eles n\u00e3o identificam mais voc\u00ea ou qualquer outro indiv\u00edduo.<\/li>\n<\/ul>\n<\/li>\n\n\n\n<li>Alcance de nossos objetivos comerciais.\n<ul class=\"wp-block-list\">\n<li>Para an\u00e1lise de dados, por exemplo, para melhorar nossos esfor\u00e7os de marketing e\/ou a efici\u00eancia de nossos Servi\u00e7os;<\/li>\n\n\n\n<li>Para auditorias, a fim de verificar se nossos processos internos funcionam como pretendido e atender a requisitos legais, regulat\u00f3rios ou contratuais;<\/li>\n\n\n\n<li>Para fins de preven\u00e7\u00e3o e monitoramento de seguran\u00e7a contra fraudes, por exemplo, para detectar e evitar ataques cibern\u00e9ticos ou tentativas de roubo de identidade;<\/li>\n\n\n\n<li>Para o desenvolvimento de novos produtos e servi\u00e7os;<\/li>\n\n\n\n<li>Para aprimorar, potencializar, reparar, manter ou modificar nossos produtos e servi\u00e7os atuais, bem como para tomar medidas de garantia de qualidade e seguran\u00e7a;<\/li>\n\n\n\n<li>Para identificar tend\u00eancias de uso, por exemplo, entender quais partes dos nossos Servi\u00e7os s\u00e3o de maior interesse para os usu\u00e1rios;<\/li>\n\n\n\n<li>Para determinar a efic\u00e1cia de nossas campanhas promocionais, de modo que possamos adaptar nossas campanhas \u00e0s necessidades e aos interesses de nossos usu\u00e1rios; e<\/li>\n\n\n\n<li>Para operar e expandir nossas atividades comerciais, por exemplo, entender quais partes de nossos Servi\u00e7os s\u00e3o de maior interesse para nossos usu\u00e1rios, de modo que possamos concentrar nossas energias em atender aos interesses dos usu\u00e1rios.<\/li>\n\n\n\n<li>Realizamos essas atividades para gerenciar nossa rela\u00e7\u00e3o contratual com o usu\u00e1rio, para cumprir uma obriga\u00e7\u00e3o legal e\/ou com base em nosso leg\u00edtimo interesse.<\/li>\n<\/ul>\n<\/li>\n<\/ul>\n<\/div>\n\n\n\n<div class=\"wp-block-group is-vertical is-layout-flex wp-container-core-group-is-layout-fe9cc265 wp-block-group-is-layout-flex\">\n<h3 class=\"wp-block-heading\" id=\"h-divulgacao-de-informacoes-pessoais\"><b><strong>Divulga\u00e7\u00e3o de Informa\u00e7\u00f5es Pessoais<\/strong><\/b><\/h3>\n<\/div>\n\n\n\n<div class=\"wp-block-group copy-in is-vertical is-content-justification-stretch is-layout-flex wp-container-core-group-is-layout-353c4f5a wp-block-group-is-layout-flex\">\n<ul class=\"wp-block-list\">\n<li>Divulgamos Informa\u00e7\u00f5es Pessoais:\n<ul class=\"wp-block-list\">\n<li>Para nossas afiliadas para os fins descritos neste Aviso de Privacidade.\n<ul class=\"wp-block-list\">\n<li>Voc\u00ea pode consultar a lista e a localiza\u00e7\u00e3o de nossas afiliadas abaixo.<\/li>\n<\/ul>\n<\/li>\n\n\n\n<li>Para nossos prestadores de servi\u00e7os terceirizados, a fim de facilitar os servi\u00e7os que eles nos fornecem.\n<ul class=\"wp-block-list\">\n<li>Isso pode incluir provedores de servi\u00e7os como hospedagem de sites, an\u00e1lise de dados, processamento de pagamentos, atendimento de pedidos, autoriza\u00e7\u00e3o de devolu\u00e7\u00e3o, preven\u00e7\u00e3o de fraudes, tecnologia da informa\u00e7\u00e3o e fornecimento de infraestrutura relacionada, atendimento ao cliente ou benef\u00edcios relacionados (inclusive promo\u00e7\u00f5es especiais), entrega de e-mails, auditoria, entre outros servi\u00e7os.<\/li>\n<\/ul>\n<\/li>\n\n\n\n<li>A terceiros, para permitir que eles enviem comunica\u00e7\u00f5es de marketing, com base em suas escolhas.<\/li>\n\n\n\n<li>Ao usar os Servi\u00e7os, voc\u00ea pode optar por divulgar Informa\u00e7\u00f5es Pessoais.\n<ul class=\"wp-block-list\">\n<li>Em f\u00f3runs, bate-papos, p\u00e1ginas de perfil, blogs e outros servi\u00e7os nos quais voc\u00ea pode publicar informa\u00e7\u00f5es e conte\u00fado (incluindo, sem limita\u00e7\u00e3o, nossas P\u00e1ginas de Redes Sociais). Observe que qualquer informa\u00e7\u00e3o que voc\u00ea publicar ou divulgar por meio desses servi\u00e7os se tornar\u00e1 p\u00fablica e poder\u00e1 estar dispon\u00edvel para outros usu\u00e1rios e para o p\u00fablico em geral.<\/li>\n\n\n\n<li>Por meio de sua atividade de compartilhamento nas redes sociais. Ao vincular sua conta de Servi\u00e7os \u00e0 sua conta de rede social, voc\u00ea compartilhar\u00e1 informa\u00e7\u00f5es com seus amigos nessas redes sociais, com outros usu\u00e1rios e com o provedor da conta da rede social em quest\u00e3o. Ao fazer isso, voc\u00ea nos autoriza a viabilizar esse compartilhamento de informa\u00e7\u00f5es e entende que o uso das informa\u00e7\u00f5es compartilhadas ser\u00e1 regido pela pol\u00edtica de privacidade do provedor da rede social em quest\u00e3o.<\/li>\n<\/ul>\n<\/li>\n<\/ul>\n<\/li>\n<\/ul>\n\n\n\n<div class=\"wp-block-group is-vertical is-layout-flex wp-container-core-group-is-layout-fe9cc265 wp-block-group-is-layout-flex\">\n<h3 class=\"wp-block-heading\" id=\"h-outros-usos-e-divulgacoes\"><b><strong>Outros Usos e Divulga\u00e7\u00f5es<\/strong><\/b><\/h3>\n<\/div>\n\n\n\n<div class=\"wp-block-group copy-in is-vertical is-content-justification-stretch is-layout-flex wp-container-core-group-is-layout-353c4f5a wp-block-group-is-layout-flex\">\n<ul class=\"wp-block-list\">\n<li>Tamb\u00e9m usamos e divulgamos suas Informa\u00e7\u00f5es Pessoais conforme necess\u00e1rio ou apropriado, especialmente quando temos uma obriga\u00e7\u00e3o legal ou leg\u00edtimo interesse para faz\u00ea-lo:\n<ul class=\"wp-block-list\">\n<li>Para cumprir a lei e os regulamentos aplic\u00e1veis.\n<ul class=\"wp-block-list\">\n<li>Isso pode incluir leis fora de seu pa\u00eds de resid\u00eancia.<\/li>\n<\/ul>\n<\/li>\n\n\n\n<li>Para cooperar com autoridades p\u00fablicas e governamentais.\n<ul class=\"wp-block-list\">\n<li>Para responder a uma solicita\u00e7\u00e3o ou fornecer informa\u00e7\u00f5es que acreditamos serem necess\u00e1rias ou apropriadas.<\/li>\n\n\n\n<li>Isso pode incluir autoridades fora de seu pa\u00eds de resid\u00eancia.<\/li>\n<\/ul>\n<\/li>\n\n\n\n<li>Para cooperar com o cumprimento da lei.\n<ul class=\"wp-block-list\">\n<li>Por exemplo, quando respondemos a solicita\u00e7\u00f5es e ordens de cumprimento da lei ou fornecemos informa\u00e7\u00f5es que acreditamos serem importantes.<\/li>\n<\/ul>\n<\/li>\n\n\n\n<li>Por outras raz\u00f5es legais.\n<ul class=\"wp-block-list\">\n<li>Para fazer cumprir nossos termos e condi\u00e7\u00f5es; e<\/li>\n\n\n\n<li>Para proteger nossos direitos, privacidade, seguran\u00e7a ou propriedade, e\/ou os de nossas afiliadas, voc\u00ea ou terceiros.<\/li>\n<\/ul>\n<\/li>\n\n\n\n<li>Em conex\u00e3o com uma venda ou transa\u00e7\u00e3o comercial.\n<ul class=\"wp-block-list\">\n<li>Temos um interesse leg\u00edtimo em divulgar ou transferir suas Informa\u00e7\u00f5es Pessoais a terceiros no caso de qualquer reorganiza\u00e7\u00e3o, fus\u00e3o, venda, constitui\u00e7\u00e3o de joint venture, cess\u00e3o, transfer\u00eancia ou outra disposi\u00e7\u00e3o de toda ou qualquer parte de nossos neg\u00f3cios, ativos ou a\u00e7\u00f5es (inclusive em rela\u00e7\u00e3o a qualquer processo de fal\u00eancia ou similar).<\/li>\n<\/ul>\n<\/li>\n<\/ul>\n<\/li>\n<\/ul>\n<\/div>\n<\/div>\n\n\n\n<div class=\"wp-block-group section section-extra--spacing is-vertical is-content-justification-stretch is-layout-flex wp-container-core-group-is-layout-353c4f5a wp-block-group-is-layout-flex\">\n<h2 class=\"wp-block-heading headline has-primary-1-color has-text-color has-copy-font-family has-headline-smallest-font-size\" id=\"h-outras-informacoes\"><strong>OUTRAS INFORMA\u00c7\u00d5ES<\/strong><\/h2>\n\n\n\n<div class=\"wp-block-group copy is-vertical is-content-justification-stretch is-layout-flex wp-container-core-group-is-layout-353c4f5a wp-block-group-is-layout-flex\">\n<ul class=\"wp-block-list normal\">\n<li>\u201c<strong>Outras Informa\u00e7\u00f5es<\/strong>\u201d s\u00e3o quaisquer informa\u00e7\u00f5es que n\u00e3o revelem sua identidade espec\u00edfica ou n\u00e3o estejam diretamente relacionadas a um indiv\u00edduo identific\u00e1vel. Os Servi\u00e7os coletam Outras informa\u00e7\u00f5es, como:\n<ul class=\"wp-block-list\">\n<li>Informa\u00e7\u00f5es do navegador e do dispositivo<\/li>\n\n\n\n<li>Dados de uso do site<\/li>\n\n\n\n<li>Informa\u00e7\u00f5es coletadas por meio de cookies, pixel tags e outras tecnologias<\/li>\n\n\n\n<li>Informa\u00e7\u00f5es demogr\u00e1ficas e outras informa\u00e7\u00f5es fornecidas por voc\u00ea que n\u00e3o revelem sua identidade espec\u00edfica<\/li>\n\n\n\n<li>Informa\u00e7\u00f5es que foram agregadas de tal forma que n\u00e3o revelem mais sua identidade espec\u00edfica<\/li>\n<\/ul>\n<\/li>\n<\/ul>\n\n\n\n<h3 class=\"wp-block-heading\" id=\"h-nbsp-coleta-de-outras-informacoes\"><strong>&nbsp;Coleta de outras informa\u00e7\u00f5es<\/strong><\/h3>\n\n\n\n<ul class=\"wp-block-list normal\">\n<li>N\u00f3s e nossos prestadores de servi\u00e7os podemos coletar Outras Informa\u00e7\u00f5es de v\u00e1rias maneiras, inclusive:\n<ul class=\"wp-block-list\">\n<li><strong>Seu navegador ou dispositivo.<\/strong>\n<ul class=\"wp-block-list\">\n<li>Certas informa\u00e7\u00f5es s\u00e3o coletadas pela maioria dos navegadores ou automaticamente por meio do seu dispositivo, como seu endere\u00e7o MAC (Media Access Control), tipo de computador (Windows ou Mac), resolu\u00e7\u00e3o de tela, nome e vers\u00e3o do sistema operacional, fabricante e modelo do dispositivo, idioma, tipo e vers\u00e3o do navegador da Internet e o nome e a vers\u00e3o dos Servi\u00e7os que voc\u00ea est\u00e1 usando. Usamos essas informa\u00e7\u00f5es para garantir que os Servi\u00e7os funcionem adequadamente.<\/li>\n<\/ul>\n<\/li>\n\n\n\n<li><strong>Cookies.<\/strong>\n<ul class=\"wp-block-list\">\n<li>Cookies s\u00e3o informa\u00e7\u00f5es armazenadas diretamente no computador que voc\u00ea est\u00e1 usando. Os cookies nos permitem coletar informa\u00e7\u00f5es como tipo de navegador, sistema operacional, tempo gasto nos Servi\u00e7os, movimenta\u00e7\u00e3o no site, incluindo p\u00e1ginas visitadas, informa\u00e7\u00f5es demogr\u00e1ficas sobre nossa base de usu\u00e1rios e outros dados de tr\u00e1fego.<\/li>\n\n\n\n<li>N\u00f3s e nossos prestadores de servi\u00e7os usamos as informa\u00e7\u00f5es para fins de seguran\u00e7a, para facilitar a navega\u00e7\u00e3o, para exibir informa\u00e7\u00f5es de forma mais eficaz, para analisar tend\u00eancias, para administrar o site e para personalizar sua experi\u00eancia. Tamb\u00e9m coletamos informa\u00e7\u00f5es estat\u00edsticas sobre o uso dos Servi\u00e7os para melhorar continuamente seu design e funcionalidade, entender como eles s\u00e3o usados e nos ajudar a resolver quest\u00f5es relacionadas a eles.<\/li>\n\n\n\n<li>Os cookies tamb\u00e9m permitem que n\u00f3s e terceiros com os quais temos parceria selecionem quais an\u00fancios ou ofertas t\u00eam maior probabilidade de atra\u00ed-lo e os exibam. Tamb\u00e9m podemos usar cookies ou outras tecnologias em publicidade on-line para rastrear as respostas aos nossos an\u00fancios. Temos parceria com um ou mais terceiros para exibir publicidade em nosso site ou para gerenciar nossa publicidade em outros sites. Nossos parceiros terceirizados podem usar tecnologias como cookies para coletar informa\u00e7\u00f5es sobre suas atividades neste site e em outros sites para fornecer publicidade com base em suas atividades e interesses de navega\u00e7\u00e3o. No momento, n\u00e3o respondemos a sinais de n\u00e3o rastreamento do navegador.<\/li>\n\n\n\n<li>Se voc\u00ea n\u00e3o quiser que essas informa\u00e7\u00f5es sejam usadas para veicular an\u00fancios com base em interesses, poder\u00e1 optar por n\u00e3o participar clicando aqui (ou, se estiver localizado na Uni\u00e3o Europeia, clique aqui). Observe que isso n\u00e3o o impede de receber an\u00fancios. Voc\u00ea continuar\u00e1 recebendo an\u00fancios gen\u00e9ricos.<\/li>\n\n\n\n<li>Caso n\u00e3o queira que as informa\u00e7\u00f5es sejam coletadas por meio do uso de cookies, a maioria dos navegadores permite que voc\u00ea recuse automaticamente os <a href=\"https:\/\/optout.aboutads.info\/?c=2&amp;lang=EN\">cookies<\/a> ou que tenha a op\u00e7\u00e3o de recusar ou aceitar um determinado cookie (<a href=\"https:\/\/youronlinechoices.eu\/\">ou cookies<\/a>) de um determinado site. Voc\u00ea tamb\u00e9m pode consultar <a href=\"http:\/\/www.allaboutcookies.org\/manage-cookies\/index.html\">http:\/\/www.allaboutcookies.org\/manage-cookies\/index.html<\/a>. Se, no entanto, voc\u00ea n\u00e3o aceitar os cookies, poder\u00e1 enfrentar alguns inconvenientes na utiliza\u00e7\u00e3o dos Servi\u00e7os.<\/li>\n<\/ul>\n<\/li>\n\n\n\n<li><strong>Pixel tags e outras tecnologias semelhantes.<\/strong>\n<ul class=\"wp-block-list\">\n<li><strong>Pixel tags. <\/strong>Os pixel tags (tamb\u00e9m conhecidas como web beacons e clear GIFs) podem ser usados para, entre outras coisas, rastrear as a\u00e7\u00f5es dos usu\u00e1rios dos Servi\u00e7os (incluindo destinat\u00e1rios de e-mail), medir o sucesso de nossas campanhas de marketing e compilar estat\u00edsticas sobre o uso dos Servi\u00e7os e taxas de resposta.<\/li>\n\n\n\n<li><strong>Analytics. <\/strong>Usamos o Google Analytics, que utiliza cookies e tecnologias semelhantes para coletar e analisar informa\u00e7\u00f5es sobre o uso dos Servi\u00e7os e gerar relat\u00f3rios sobre atividades e tend\u00eancias. Esse servi\u00e7o tamb\u00e9m pode coletar informa\u00e7\u00f5es sobre o uso de outros sites e recursos on-line. Voc\u00ea pode saber mais sobre as pr\u00e1ticas do Google acessando <a href=\"http:\/\/www.google.com\/policies\/privacy\/partners\/\">www.google.com\/policies\/privacy\/partners\/<\/a> e exercer a op\u00e7\u00e3o de exclus\u00e3o fornecida pelo Google baixando a extens\u00e3o do navegador para desativa\u00e7\u00e3o do Google Analytics, dispon\u00edvel em <a href=\"https:\/\/tools.google.com\/dlpage\/gaoptout\">https:\/\/tools.google.com\/dlpage\/gaoptout<\/a>.<\/li>\n\n\n\n<li><strong>Invisible reCAPTCHA<\/strong>. Usamos o aplicativo reCAPTCHA invis\u00edvel do Google em nossos Servi\u00e7os para prote\u00e7\u00e3o contra spam e outros abusos automatizados. A ferramenta reCAPTCHA pode usar cookies, bem como outras informa\u00e7\u00f5es, como endere\u00e7o IP, data, hora, idioma, tamanho e resolu\u00e7\u00e3o da tela e movimentos do mouse. O uso da ferramenta reCAPTCHA e qualquer informa\u00e7\u00e3o coletada por meio da ferramenta est\u00e3o sujeitos \u00e0 pol\u00edtica de privacidade do Google, dispon\u00edvel em https:\/\/policies.google.com\/privacy, e aos termos de servi\u00e7o do Google, dispon\u00edveis em <a href=\"https:\/\/policies.google.com\/terms?hl=en\">https:\/\/policies.google.com\/terms?hl=en<\/a>.<\/li>\n<\/ul>\n<\/li>\n\n\n\n<li><strong>Localiza\u00e7\u00e3o f\u00edsica.<\/strong>\n<ul class=\"wp-block-list\">\n<li>Podemos coletar informa\u00e7\u00f5es gerais, em \u00e2mbito regional, sobre a localiza\u00e7\u00e3o de seu dispositivo por meio do Google Analytics.<\/li>\n<\/ul>\n<\/li>\n<\/ul>\n<\/li>\n<\/ul>\n\n\n\n<h3 class=\"wp-block-heading\" id=\"h-usos-e-divulgacoes-de-outras-informacoes\"><b><strong>Usos e divulga\u00e7\u00f5es de outras informa\u00e7\u00f5es<\/strong><\/b><\/h3>\n\n\n\n<ul class=\"wp-block-list normal\">\n<li>Podemos usar e divulgar Outras Informa\u00e7\u00f5es para qualquer finalidade, exceto quando formos obrigados a proceder de outra forma de acordo com a legisla\u00e7\u00e3o aplic\u00e1vel. Se formos obrigados a tratar Outras Informa\u00e7\u00f5es como Informa\u00e7\u00f5es Pessoais nos termos da legisla\u00e7\u00e3o aplic\u00e1vel, poderemos us\u00e1-las e divulg\u00e1-las para os fins para os quais usamos e divulgamos Informa\u00e7\u00f5es Pessoais, conforme detalhado neste Aviso de Privacidade. Em alguns casos, podemos combinar Outras informa\u00e7\u00f5es com Informa\u00e7\u00f5es pessoais. Se fizermos isso, trataremos as informa\u00e7\u00f5es combinadas como Informa\u00e7\u00f5es Pessoais, caso sejam combinadas.\n<ul class=\"wp-block-list\">\n<li><\/li>\n<\/ul>\n<\/li>\n<\/ul>\n\n\n\n<h3 class=\"wp-block-heading\" id=\"h-preferencias-de-desativacao-de-boletins-informativos\"><b><strong>Prefer\u00eancias de desativa\u00e7\u00e3o de boletins informativos<\/strong><\/b><\/h3>\n\n\n\n<ul class=\"wp-block-list normal\">\n<li>Por respeito \u00e0 sua privacidade, voc\u00ea pode optar por parar de receber nosso boletim informativo ou e-mails de marketing seguindo as instru\u00e7\u00f5es de cancelamento de assinatura inclu\u00eddas nesses e-mails ou acessando as prefer\u00eancias de e-mail na p\u00e1gina de configura\u00e7\u00f5es da sua conta. Observe que pode levar at\u00e9 10 (dez) dias \u00fateis para que sua solicita\u00e7\u00e3o de cancelamento seja processada. Al\u00e9m disso, mesmo que voc\u00ea opte por n\u00e3o receber e-mails de marketing, poderemos continuar a enviar determinados e-mails relacionados \u00e0 conta, como avisos sobre sua conta e confirma\u00e7\u00f5es de transa\u00e7\u00f5es que voc\u00ea tenha solicitado.\n<ul class=\"wp-block-list\">\n<li><\/li>\n<\/ul>\n<\/li>\n<\/ul>\n<\/div>\n<\/div>\n\n\n\n<div class=\"wp-block-group section section-extra--spacing is-vertical is-content-justification-stretch is-layout-flex wp-container-core-group-is-layout-353c4f5a wp-block-group-is-layout-flex\">\n<h2 class=\"wp-block-heading headline has-primary-1-color has-text-color has-copy-font-family has-headline-smallest-font-size\" id=\"h-seguranca\"><strong>SEGURAN\u00c7A<\/strong><\/h2>\n\n\n\n<ul class=\"wp-block-list normal\">\n<li>Procuramos usar medidas organizacionais, t\u00e9cnicas e administrativas razo\u00e1veis para proteger as Informa\u00e7\u00f5es Pessoais em nossa organiza\u00e7\u00e3o. Infelizmente, n\u00e3o \u00e9 poss\u00edvel garantir que nenhum sistema de transmiss\u00e3o ou armazenamento de dados seja considerado 100% seguro. Se voc\u00ea tiver motivos para acreditar que sua intera\u00e7\u00e3o conosco n\u00e3o \u00e9 mais segura, notifique-nos imediatamente de acordo com a se\u00e7\u00e3o \u201cFale Conosco\u201d abaixo.<\/li>\n\n\n\n<li>Se compartilharmos Informa\u00e7\u00f5es Pessoais com Provedores de Servi\u00e7os, eles concordar\u00e3o em usar medidas razo\u00e1veis de seguran\u00e7a de informa\u00e7\u00f5es para proteger suas Informa\u00e7\u00f5es Pessoais.\n<ul class=\"wp-block-list\">\n<li><\/li>\n<\/ul>\n<\/li>\n<\/ul>\n<\/div>\n\n\n\n<div class=\"wp-block-group section section-extra--spacing is-vertical is-content-justification-stretch is-layout-flex wp-container-core-group-is-layout-353c4f5a wp-block-group-is-layout-flex\">\n<h2 class=\"wp-block-heading headline has-primary-1-color has-text-color has-copy-font-family has-headline-smallest-font-size\" id=\"h-escolhas-e-acesso\"><strong>ESCOLHAS E ACESSO<\/strong><\/h2>\n\n\n\n<div class=\"wp-block-group copy is-vertical is-content-justification-stretch is-layout-flex wp-container-core-group-is-layout-353c4f5a wp-block-group-is-layout-flex\">\n<h3 class=\"wp-block-heading\" id=\"h-suas-escolhas-em-relacao-ao-uso-e-a-divulgacao-das-suas-informacoes-pessoais\"><b><strong>Suas escolhas em rela\u00e7\u00e3o ao uso e \u00e0 divulga\u00e7\u00e3o das suas informa\u00e7\u00f5es pessoais<\/strong><\/b><\/h3>\n\n\n\n<p>Suas op\u00e7\u00f5es com rela\u00e7\u00e3o ao uso e \u00e0 divulga\u00e7\u00e3o de suas Informa\u00e7\u00f5es Pessoais. N\u00f3s lhe damos op\u00e7\u00f5es com rela\u00e7\u00e3o ao uso e \u00e0 divulga\u00e7\u00e3o de suas Informa\u00e7\u00f5es Pessoais para fins de marketing. Voc\u00ea pode optar por cancelar:<\/p>\n\n\n\n<div class=\"wp-block-group copy-in is-vertical is-content-justification-stretch is-layout-flex wp-container-core-group-is-layout-353c4f5a wp-block-group-is-layout-flex\">\n<ul class=\"wp-block-list normal\">\n<li>O recebimento de nossos e-mails relacionados a marketing.<strong> <\/strong>Se n\u00e3o quiser mais receber e-mails relacionados a marketing, voc\u00ea pode optar por n\u00e3o receber seguindo as instru\u00e7\u00f5es de cancelamento de assinatura inclu\u00eddas nesses e-mails ou acessando as prefer\u00eancias de e-mail na p\u00e1gina de configura\u00e7\u00f5es da sua conta. Observe que, mesmo que voc\u00ea opte por n\u00e3o receber e-mails de marketing, poderemos continuar a enviar determinados e-mails relacionados \u00e0 conta, como avisos sobre sua conta e confirma\u00e7\u00f5es de transa\u00e7\u00f5es que voc\u00ea tenha solicitado.<\/li>\n\n\n\n<li>O recebimento de nossas mensagens de texto relacionadas a marketing. Se voc\u00ea n\u00e3o quiser mais receber mensagens de texto relacionadas a marketing, poder\u00e1 optar por n\u00e3o receber respondendo \u00e0s mensagens de texto com a palavra \u201cSTOP\u201d.<\/li>\n\n\n\n<li>O nosso compartilhamento de suas Informa\u00e7\u00f5es Pessoais com afiliados para fins de marketing direto. Se preferir que interrompamos o compartilhamento de suas Informa\u00e7\u00f5es Pessoais de forma cont\u00ednua com nossas afiliadas para fins de marketing direto, voc\u00ea pode optar por n\u00e3o compartilhar essas informa\u00e7\u00f5es enviando um e-mail para  <a href=\"mailto:customersupport@radancy.com\">customersupport@radancy.com<\/a>.\n<ul class=\"wp-block-list\">\n<li>Tentaremos atender \u00e0(s) sua(s) solicita\u00e7\u00e3o(\u00f5es) assim que for razoavelmente poss\u00edvel. Observe que, se voc\u00ea optar por n\u00e3o receber nossos e-mails relacionados a marketing, ainda poderemos enviar-lhe mensagens administrativas importantes, das quais voc\u00ea n\u00e3o poder\u00e1 optar por n\u00e3o receber.<\/li>\n<\/ul>\n<\/li>\n<\/ul>\n<\/div>\n\n\n\n<h3 class=\"wp-block-heading\" id=\"h-como-voce-pode-acessar-alterar-ou-excluir-suas-informacoes-pessoais\"><b><strong>Como voc\u00ea pode acessar, alterar ou excluir suas Informa\u00e7\u00f5es Pessoais<\/strong><\/b><\/h3>\n\n\n\n<ul class=\"wp-block-list\">\n<li>Se desejar solicitar acesso, corrigir, atualizar, suprimir, restringir ou excluir Informa\u00e7\u00f5es Pessoais, opor-se ou optar pelo n\u00e3o tratamento de Informa\u00e7\u00f5es Pessoais, ou se desejar solicitar o recebimento de uma c\u00f3pia de suas Informa\u00e7\u00f5es Pessoais para fins de transmiss\u00e3o a outra empresa (na medida em que esses direitos lhe forem concedidos pela legisla\u00e7\u00e3o aplic\u00e1vel), entre em contato conosco de acordo com a se\u00e7\u00e3o \u201cFale Conosco\u201d abaixo. Responderemos \u00e0 sua solicita\u00e7\u00e3o de acordo com a legisla\u00e7\u00e3o aplic\u00e1vel. Se voc\u00ea reside na Calif\u00f3rnia, consulte a se\u00e7\u00e3o \u201cInforma\u00e7\u00f5es adicionais sobre a Calif\u00f3rnia\u201d no final deste Aviso de Privacidade para obter mais informa\u00e7\u00f5es sobre as solicita\u00e7\u00f5es que voc\u00ea pode fazer de acordo com a CCPA.<\/li>\n\n\n\n<li>Em sua solicita\u00e7\u00e3o, deixe claro quais Informa\u00e7\u00f5es Pessoais voc\u00ea gostaria de alterar ou se gostaria de ter suas Informa\u00e7\u00f5es Pessoais suprimidas de nosso banco de dados. Para sua prote\u00e7\u00e3o, s\u00f3 poderemos implementar solicita\u00e7\u00f5es relativas \u00e0s Informa\u00e7\u00f5es Pessoais associadas ao endere\u00e7o de e-mail que voc\u00ea usar para nos enviar sua solicita\u00e7\u00e3o, e talvez seja necess\u00e1rio verificar sua identidade antes de implementar sua solicita\u00e7\u00e3o. Tentaremos atender \u00e0 sua solicita\u00e7\u00e3o assim que for razoavelmente poss\u00edvel.<\/li>\n\n\n\n<li>Observe que talvez precisemos reter determinadas informa\u00e7\u00f5es para fins de manuten\u00e7\u00e3o de registros e\/ou para concluir quaisquer transa\u00e7\u00f5es iniciadas antes da solicita\u00e7\u00e3o de altera\u00e7\u00e3o ou exclus\u00e3o (por exemplo, quando voc\u00ea faz uma compra ou participa de uma promo\u00e7\u00e3o, talvez n\u00e3o seja poss\u00edvel alterar ou excluir as Informa\u00e7\u00f5es Pessoais fornecidas at\u00e9 depois da conclus\u00e3o dessa compra ou promo\u00e7\u00e3o).<\/li>\n<\/ul>\n<\/div>\n<\/div>\n\n\n\n<div class=\"wp-block-group section section-extra--spacing is-vertical is-content-justification-stretch is-layout-flex wp-container-core-group-is-layout-353c4f5a wp-block-group-is-layout-flex\">\n<h2 class=\"wp-block-heading headline has-primary-1-color has-text-color has-copy-font-family has-headline-smallest-font-size\" id=\"h-periodo-de-retencao\"><strong>PER\u00cdODO DE RETEN\u00c7\u00c3O<\/strong><\/h2>\n\n\n\n<div class=\"wp-block-group copy is-vertical is-content-justification-stretch is-layout-flex wp-container-core-group-is-layout-353c4f5a wp-block-group-is-layout-flex\">\n<ul class=\"wp-block-list normal\">\n<li>Retemos as Informa\u00e7\u00f5es Pessoais pelo tempo que for necess\u00e1rio ou permitido, considerando a(s) finalidade(s) para a(s) qual(is) elas foram obtidas e de acordo com a legisla\u00e7\u00e3o aplic\u00e1vel.<\/li>\n\n\n\n<li>Os crit\u00e9rios usados para determinar nossos per\u00edodos de reten\u00e7\u00e3o incluem:\n<ul class=\"wp-block-list\">\n<li>O per\u00edodo de tempo em que temos um relacionamento cont\u00ednuo com voc\u00ea e prestamos os Servi\u00e7os (por exemplo, enquanto voc\u00ea tiver uma conta conosco ou continuar usando os Servi\u00e7os);<\/li>\n\n\n\n<li>Se h\u00e1 uma obriga\u00e7\u00e3o legal \u00e0 qual estamos sujeitos (por exemplo, determinadas leis exigem que mantenhamos registros de suas transa\u00e7\u00f5es por um determinado per\u00edodo antes de podermos exclu\u00ed-los); ou<\/li>\n\n\n\n<li>Se a reten\u00e7\u00e3o \u00e9 aconselh\u00e1vel, dada a nossa posi\u00e7\u00e3o legal (por exemplo, em rela\u00e7\u00e3o a estatutos de limita\u00e7\u00f5es aplic\u00e1veis, lit\u00edgios ou investiga\u00e7\u00f5es regulat\u00f3rias).<\/li>\n<\/ul>\n<\/li>\n<\/ul>\n<\/div>\n<\/div>\n\n\n\n<div class=\"wp-block-group section section-extra--spacing is-vertical is-content-justification-stretch is-layout-flex wp-container-core-group-is-layout-353c4f5a wp-block-group-is-layout-flex\">\n<h2 class=\"wp-block-heading headline has-primary-1-color has-text-color has-copy-font-family has-headline-smallest-font-size\" id=\"h-servicos-de-terceiros\"><strong>SERVI\u00c7OS DE TERCEIROS<\/strong><\/h2>\n\n\n\n<ul class=\"wp-block-list\">\n<li>Este Aviso de Privacidade n\u00e3o aborda, e n\u00e3o somos respons\u00e1veis pela privacidade, pelas informa\u00e7\u00f5es ou por outras pr\u00e1ticas de terceiros, inclusive de terceiros que operem qualquer site ou servi\u00e7o ao qual os Servi\u00e7os estejam vinculados. A inclus\u00e3o de um link nos Servi\u00e7os n\u00e3o implica o endosso do site ou servi\u00e7o vinculado por n\u00f3s ou por nossas afiliadas.<\/li>\n\n\n\n<li>Al\u00e9m disso, n\u00e3o somos respons\u00e1veis pelas pol\u00edticas ou pr\u00e1ticas de coleta, uso, divulga\u00e7\u00e3o ou seguran\u00e7a de informa\u00e7\u00f5es de outras organiza\u00e7\u00f5es, como Facebook, Apple, Google, Microsoft, RIM ou qualquer outro desenvolvedor de aplicativos, provedor de aplicativos, provedor de plataforma de rede social, provedor de sistema operacional, provedor de servi\u00e7os sem fio ou fabricante de dispositivos, inclusive com rela\u00e7\u00e3o a quaisquer Informa\u00e7\u00f5es Pessoais que voc\u00ea divulgue a outras organiza\u00e7\u00f5es por meio de ou mediante nossas P\u00e1ginas de Redes Sociais.<\/li>\n<\/ul>\n<\/div>\n\n\n\n<div class=\"wp-block-group section section-extra--spacing is-vertical is-content-justification-stretch is-layout-flex wp-container-core-group-is-layout-353c4f5a wp-block-group-is-layout-flex\">\n<h2 class=\"wp-block-heading headline has-primary-1-color has-text-color has-copy-font-family has-headline-smallest-font-size\" id=\"h-publicidade-de-terceiros\"><strong>PUBLICIDADE DE TERCEIROS<\/strong><\/h2>\n\n\n\n<div class=\"wp-block-group copy is-vertical is-content-justification-stretch is-layout-flex wp-container-core-group-is-layout-353c4f5a wp-block-group-is-layout-flex\">\n<p>Podemos usar empresas de publicidade de terceiros para veicular an\u00fancios sobre produtos e servi\u00e7os que possam ser de seu interesse quando voc\u00ea acessar e usar os Servi\u00e7os e outros sites ou servi\u00e7os on-line.<\/p>\n\n\n\n<ul class=\"wp-block-list normal\">\n<li>Voc\u00ea poder\u00e1 receber an\u00fancios com base em informa\u00e7\u00f5es relacionadas ao seu acesso e uso dos Servi\u00e7os e de outros sites ou servi\u00e7os on-line em qualquer um de seus dispositivos, bem como em informa\u00e7\u00f5es recebidas de terceiros. Essas empresas colocam ou reconhecem um cookie exclusivo em seu navegador (inclusive por meio do uso de pixel tags). Elas tamb\u00e9m usam essas tecnologias, juntamente com as informa\u00e7\u00f5es que coletam sobre seu uso on-line, para reconhec\u00ea-lo nos dispositivos que voc\u00ea usa, como um telefone celular e um laptop. Se desejar obter mais informa\u00e7\u00f5es sobre essa pr\u00e1tica e saber como desativ\u00e1-la em navegadores de computadores desktop e dispositivos m\u00f3veis em que est\u00e1 acessando este Aviso de Privacidade, visite <a href=\"http:\/\/optout.aboutads.info\/\">http:\/\/optout.aboutads.info\/#\/<\/a> e <a href=\"http:\/\/optout.networkadvertising.org\/\">http:\/\/optout.networkadvertising.org\/#\/<\/a>.&nbsp;&nbsp;&nbsp;<\/li>\n<\/ul>\n<\/div>\n<\/div>\n\n\n\n<div class=\"wp-block-group section section-extra--spacing is-vertical is-content-justification-stretch is-layout-flex wp-container-core-group-is-layout-353c4f5a wp-block-group-is-layout-flex\">\n<h2 class=\"wp-block-heading headline has-primary-1-color has-text-color has-copy-font-family has-headline-smallest-font-size\" id=\"h-uso-dos-servicos-por-menores-de-idade\"><strong>USO DOS SERVI\u00c7OS POR MENORES DE IDADE<\/strong><\/h2>\n\n\n\n<ul class=\"wp-block-list\">\n<li>Os Servi\u00e7os n\u00e3o s\u00e3o direcionados a indiv\u00edduos com menos de 16 (dezesseis) anos de idade, e n\u00e3o coletamos intencionalmente Informa\u00e7\u00f5es Pessoais de indiv\u00edduos com menos de 16 anos.<\/li>\n<\/ul>\n<\/div>\n\n\n\n<div class=\"wp-block-group section section-extra--spacing is-vertical is-content-justification-stretch is-layout-flex wp-container-core-group-is-layout-353c4f5a wp-block-group-is-layout-flex\">\n<p class=\"headline\"><strong>JURISDI\u00c7\u00c3O E TRANSFER\u00caNCIA INTERNACIONAL<\/strong><\/p>\n\n\n\n<ul class=\"wp-block-list\">\n<li>Suas Informa\u00e7\u00f5es Pessoais podem ser armazenadas e tratadas em qualquer pa\u00eds onde tenhamos instala\u00e7\u00f5es ou onde contratamos prestadores de servi\u00e7os e, ao usar os Servi\u00e7os, voc\u00ea entende que suas informa\u00e7\u00f5es ser\u00e3o transferidas para pa\u00edses fora do seu pa\u00eds de resid\u00eancia, inclusive os Estados Unidos, que podem ter regras de prote\u00e7\u00e3o de dados diferentes das do seu pa\u00eds. Em determinadas circunst\u00e2ncias, tribunais, ag\u00eancias de aplica\u00e7\u00e3o da lei, ag\u00eancias reguladoras ou autoridades de seguran\u00e7a nesses outros pa\u00edses podem ter o direito de acessar suas Informa\u00e7\u00f5es Pessoais.<\/li>\n\n\n\n<li><strong>INFORMA\u00c7\u00d5ES ADICIONAIS RELATIVAS AO EEE: <\/strong>alguns pa\u00edses n\u00e3o pertencentes ao EEE s\u00e3o reconhecidos pela Comiss\u00e3o Europeia como fornecedores de um n\u00edvel adequado de prote\u00e7\u00e3o de dados de acordo com os padr\u00f5es do EEE (informa\u00e7\u00f5es sobre quais pa\u00edses s\u00e3o reconhecidos pela Comiss\u00e3o Europeia como fornecedores de um n\u00edvel adequado de prote\u00e7\u00e3o de dados est\u00e3o dispon\u00edveis&nbsp;<a href=\"https:\/\/commission.europa.eu\/law\/law-topic\/data-protection\/international-dimension-data-protection\/adequacy-decisions_en#adequacy-decisions-latest\">aqui<\/a>). Para transfer\u00eancias do EEE para pa\u00edses n\u00e3o considerados adequados pela Comiss\u00e3o Europeia, implementamos medidas adequadas, como cl\u00e1usulas contratuais padr\u00e3o adotadas pela Comiss\u00e3o Europeia para proteger suas Informa\u00e7\u00f5es Pessoais. Como parte de nosso compromisso com a privacidade, tamb\u00e9m nos certificamos a Pol\u00edtica de Privacidade de Dados UE-EUA e a Pol\u00edtica de Privacidade de Dados Su\u00ed\u00e7a-EUA. (DPF). Conforme explicado na nossa Pol\u00edtica de Privacidade da Estrutura de Privacidade de Dados, dispon\u00edvel em <a href=\"https:\/\/www.radancy.com\/pt-br\/framework-de-privacidade-e-politica-de-privacidade\/\">https:\/\/www.radancy.com\/en\/data-privacy-framework-privacy-policy\/<\/a>, as informa\u00e7\u00f5es pessoais abrangidas pela nossa certifica\u00e7\u00e3o DPF ser\u00e3o protegidas de acordo com os Princ\u00edpios DPF. Para saber mais sobre a Privacy Shield Framework UE\/EUA, visite a Lista da Privacy Shield Framework do Departamento de Com\u00e9rcio dos EUA em&nbsp;<a href=\"https:\/\/www.dataprivacyframework.gov\/s\/participant-search\">https:\/\/www.dataprivacyframework.gov\/s\/participant-search<\/a>.&nbsp;Voc\u00ea pode obter uma c\u00f3pia dessas medidas entrando em contato conosco de acordo com a se\u00e7\u00e3o \u201cFale conosco\u201d abaixo.<\/li>\n<\/ul>\n<\/div>\n\n\n\n<div class=\"wp-block-group section section-extra--spacing is-vertical is-content-justification-stretch is-layout-flex wp-container-core-group-is-layout-353c4f5a wp-block-group-is-layout-flex\">\n<h2 class=\"wp-block-heading headline has-primary-1-color has-text-color has-copy-font-family has-headline-smallest-font-size\" id=\"h-informacoes-confidenciais\"><strong>INFORMA\u00c7\u00d5ES CONFIDENCIAIS<\/strong><\/h2>\n\n\n\n<ul class=\"wp-block-list\">\n<li>A menos que solicitemos, pedimos que voc\u00ea n\u00e3o nos envie e n\u00e3o divulgue Informa\u00e7\u00f5es Pessoais confidenciais (por exemplo, n\u00fameros de Seguro Social, informa\u00e7\u00f5es relacionadas a origem racial ou \u00e9tnica, opini\u00f5es pol\u00edticas, religi\u00e3o ou outras cren\u00e7as, sa\u00fade, biometria ou caracter\u00edsticas gen\u00e9ticas, antecedentes criminais ou filia\u00e7\u00e3o sindical) nos Servi\u00e7os ou por meio deles.<\/li>\n<\/ul>\n<\/div>\n\n\n\n<div class=\"wp-block-group section section-extra--spacing is-vertical is-content-justification-stretch is-layout-flex wp-container-core-group-is-layout-353c4f5a wp-block-group-is-layout-flex\">\n<p class=\"headline\"><strong>ATUALIZA\u00c7\u00d5ES DESTE AVISO DE PRIVACIDADE<\/strong><\/p>\n\n\n\n<ul class=\"wp-block-list\">\n<li>A legenda \u201c\u00daLTIMA ATUALIZA\u00c7\u00c3O\u201d na parte superior deste Aviso de Privacidade indica quando este Aviso de Privacidade foi revisado pela \u00faltima vez. Quaisquer altera\u00e7\u00f5es entrar\u00e3o em vigor quando publicarmos o Aviso de Privacidade revisado nos Servi\u00e7os.<\/li>\n<\/ul>\n<\/div>\n\n\n\n<div class=\"wp-block-group section section-extra--spacing is-vertical is-content-justification-stretch is-layout-flex wp-container-core-group-is-layout-353c4f5a wp-block-group-is-layout-flex\">\n<h2 class=\"wp-block-heading headline has-primary-1-color has-text-color has-copy-font-family has-headline-smallest-font-size\" id=\"h-fale-conosco\"><strong>FALE CONOSCO<\/strong><\/h2>\n\n\n\n<div class=\"wp-block-group copy is-vertical is-content-justification-stretch is-layout-flex wp-container-core-group-is-layout-353c4f5a wp-block-group-is-layout-flex\">\n<p>A TMP Worldwide Advertising &amp; Communications, LLC d\/b\/a Radancy, localizada em One Battery Park Plaza #2710, Nova York, NY, \u00e9 a empresa respons\u00e1vel pela coleta, uso e divulga\u00e7\u00e3o de suas Informa\u00e7\u00f5es Pessoais de acordo com este Aviso de Privacidade.<\/p>\n\n\n\n<p>Se tiver alguma d\u00favida sobre este Aviso de Privacidade, entre em contato conosco pelo e-mail <a href=\"mailto:customersupport@radancy.com\">customersupport@radancy.com<\/a>, pelo telefone 1-800-867-2001 ou pelo correio:<\/p>\n\n\n\n<p>Radancy<br>ATTN: Privacy Notice Administrator<br>1 Battery Park Plaza #2710<br>New York, NY 10004-1405<br>United States<\/p>\n\n\n\n<p>Como as comunica\u00e7\u00f5es por e-mail nem sempre s\u00e3o seguras, n\u00e3o inclua informa\u00e7\u00f5es de cart\u00e3o de cr\u00e9dito ou outras informa\u00e7\u00f5es confidenciais em seus e-mails para n\u00f3s.<\/p>\n\n\n\n<p>Caso tenha alguma preocupa\u00e7\u00e3o n\u00e3o resolvida sobre privacidade ou uso de dados que n\u00e3o tenha sido solucionada de forma satisfat\u00f3ria, entre em contato com nosso provedor de resolu\u00e7\u00e3o de disputas terceirizado com sede nos EUA (gratuitamente) em https:\/\/feedback-form.truste.com\/watchdog\/request.<\/p>\n<\/div>\n<\/div>\n\n\n\n<div class=\"wp-block-group section section-extra--spacing is-vertical is-content-justification-stretch is-layout-flex wp-container-core-group-is-layout-353c4f5a wp-block-group-is-layout-flex\">\n<h2 class=\"wp-block-heading headline has-primary-1-color has-text-color has-copy-font-family has-headline-smallest-font-size\" id=\"h-informacoes-adicionais-sobre-a-eea\"><strong>INFORMA\u00c7\u00d5ES ADICIONAIS SOBRE A EEA<\/strong><\/h2>\n\n\n\n<div class=\"wp-block-group copy is-vertical is-content-justification-stretch is-layout-flex wp-container-core-group-is-layout-353c4f5a wp-block-group-is-layout-flex\">\n<p>Voc\u00ea tamb\u00e9m pode:<\/p>\n\n\n\n<ul class=\"wp-block-list normal\">\n<li>Apresentar uma reclama\u00e7\u00e3o a uma autoridade de prote\u00e7\u00e3o de dados da UE\/EEE do seu pa\u00eds ou regi\u00e3o onde voc\u00ea tem sua resid\u00eancia habitual ou local de trabalho ou onde ocorre uma suposta viola\u00e7\u00e3o da lei de prote\u00e7\u00e3o de dados aplic\u00e1vel. Uma lista de autoridades de prote\u00e7\u00e3o de dados est\u00e1 dispon\u00edvel em&nbsp;<a href=\"https:\/\/protect-us.mimecast.com\/s\/GVKtCmZM8ki2Bq0BH312ig\">http:\/\/ec.europa.eu\/newsroom\/article29\/item-detail.cfm?item_id=612080<\/a>.<\/li>\n<\/ul>\n<\/div>\n<\/div>\n\n\n\n<div class=\"wp-block-group section section-extra--spacing is-vertical is-content-justification-stretch is-layout-flex wp-container-core-group-is-layout-353c4f5a wp-block-group-is-layout-flex\">\n<h2 class=\"wp-block-heading headline has-primary-1-color has-text-color has-copy-font-family has-headline-smallest-font-size\" id=\"h-informacoes-adicionais-sobre-a-california\"><strong>INFORMA\u00c7\u00d5ES ADICIONAIS SOBRE A CALIF\u00d3RNIA<\/strong><\/h2>\n\n\n\n<ul class=\"wp-block-list\">\n<li>De acordo com a Lei de Privacidade do Consumidor da Calif\u00f3rnia de 2018, e respectiva altera\u00e7\u00e3o pela Lei de Direitos de Privacidade da Calif\u00f3rnia (\u201c<strong>CCPA<\/strong>\u201d), estamos fornecendo os seguintes detalhes adicionais sobre as categorias de Informa\u00e7\u00f5es Pessoais que coletamos, usamos e divulgamos sobre os residentes da Calif\u00f3rnia.<\/li>\n<\/ul>\n\n\n\n<div class=\"wp-block-group copy is-vertical is-content-justification-stretch is-layout-flex wp-container-core-group-is-layout-353c4f5a wp-block-group-is-layout-flex\">\n<h3 class=\"wp-block-heading\" id=\"h-coleta-e-divulgacao-nbsp-venda-e-compartilhamento-de-informacoes-pessoais\"><b><strong><strong>Coleta, <s>e<\/s> Divulga\u00e7\u00e3o, &nbsp;Venda e Compartilhamento de Informa\u00e7\u00f5es Pessoais<\/strong><\/strong><\/b><\/h3>\n\n\n\n<ul class=\"wp-block-list\">\n<li>A tabela a seguir inclui: (1) as categorias de Informa\u00e7\u00f5es Pessoais, conforme listadas na CCPA, que planejamos coletar e que coletamos e divulgamos nos \u00faltimos 12 meses; e (2) as categorias de terceiros para os quais divulgamos Informa\u00e7\u00f5es Pessoais para nossos fins comerciais operacionais nos \u00faltimos 12 meses.<\/li>\n<\/ul>\n\n\n\n<figure class=\"wp-block-table\"><table><tbody><tr><th><strong>Categorias de Informa\u00e7\u00f5es Pessoais<\/strong><span lang=\"PT-BR\" style=\"font-size: 11pt; line-height: 115%; font-family: Arial, sans-serif;\"><br><\/span><\/th><th><strong>Divulgadas a Quais Categorias<br>de Terceiros para Fins Comerciais Operacionais de Neg\u00f3cios<\/strong><\/th><\/tr><tr><td><strong>Identificadores<\/strong>, como nome, pseud\u00f4nimo, informa\u00e7\u00f5es de contato, identificadores pessoais exclusivos e identificadores on-line Afiliados e Prestadores de Servi\u00e7os da Radancy<\/td><td>\u2022 Afiliados e Prestadores de Servi\u00e7os da Radancy<\/td><\/tr><tr><td><strong>Informa\u00e7\u00f5es pessoais, conforme definido na lei de registros de clientes da Calif\u00f3rnia<\/strong>, como nome e informa\u00e7\u00f5es de contato. <br><\/td><td>\u2022 Afiliados e Prestadores de Servi\u00e7os da Radancy<\/td><\/tr><tr><td><strong>Informa\u00e7\u00f5es comerciais<\/strong>, como informa\u00e7\u00f5es de transa\u00e7\u00f5es, incluindo informa\u00e7\u00f5es de faturamento e hist\u00f3rico de compras, incluindo compras consideradas Afiliados da Radancy e Prestadores de<br>Servi\u00e7os<br><\/td><td>\u2022 Afiliados e Prestadores de Servi\u00e7os da Radancy<\/td><\/tr><tr><td>Informa\u00e7\u00f5es sobre atividades na Internet ou na rede, como hist\u00f3rico de navega\u00e7\u00e3o e intera\u00e7\u00f5es com nosso Site ou an\u00fancios<span style=\"font-family: inherit; font-size: inherit; font-weight: inherit; color: var(--wp--preset--color--black);\">   <\/span><\/td><td>\u2022 Afiliados e Prestadores de Servi\u00e7os da Radancy<\/td><\/tr><tr><td><strong>Dados de geolocaliza\u00e7\u00e3o<\/strong>, como a localiza\u00e7\u00e3o do dispositivo e a localiza\u00e7\u00e3o aproximada derivada do endere\u00e7o IP<br><\/td><td>\u2022 Afiliados e Prestadores de Servi\u00e7os da Radancy<\/td><\/tr><tr><td><strong>Informa\u00e7\u00f5es de \u00e1udio, eletr\u00f4nicas, visuais e similares,<\/strong> como fotografias.<\/td><td>\u2022 Afiliados e Prestadores de Servi\u00e7os da Radancy<\/td><\/tr><tr><td><strong>Infer\u00eancias<\/strong>&nbsp;extra\u00eddas de qualquer uma das Informa\u00e7\u00f5es Pessoais listadas acima para criar um perfil ou resumo sobre, por exemplo, as prefer\u00eancias e caracter\u00edsticas de um indiv\u00edduo<br><\/td><td>\u2022 Afiliados e Prestadores de Servi\u00e7os da Radancy<\/td><\/tr><\/tbody><\/table><\/figure>\n\n\n\n<ul class=\"wp-block-list\">\n<li>De acordo com a CCPA, se uma empresa vender Informa\u00e7\u00f5es Pessoais, ela dever\u00e1 permitir que os residentes da Calif\u00f3rnia optem por n\u00e3o aceitar a venda de suas Informa\u00e7\u00f5es Pessoais. Entretanto, atualmente n\u00e3o \u201cvendemos\u201d ou \u201ccompartilhamento\u201d e n\u00e3o \u201cvendemos\u201d ou \u201ccompartilhamento\u201d, nos \u00faltimos 12 meses, Informa\u00e7\u00f5es Pessoais para fins da CCPA. Por exemplo, e sem limitar o acima exposto, n\u00e3o vendemos ou compartilhamento consicentemente Informa\u00e7\u00f5es Pessoais de menores de 16 anos de idade.<\/li>\n<\/ul>\n\n\n\n<h3 class=\"wp-block-heading\" id=\"h-fontes-de-informacoes-pessoais\"><b><strong>Fontes de Informa\u00e7\u00f5es Pessoais<\/strong><\/b><\/h3>\n\n\n\n<ul class=\"wp-block-list\">\n<li>Conforme descrito acima, coletamos essas Informa\u00e7\u00f5es Pessoais de voc\u00ea e de bancos de dados dispon\u00edveis publicamente e parceiros de marketing conjunto, quando eles compartilham as informa\u00e7\u00f5es conosco.<\/li>\n<\/ul>\n\n\n\n<p><strong>Uso de Informa\u00e7\u00f5es Pessoais<\/strong><\/p>\n\n\n\n<ul class=\"wp-block-list\">\n<li>Podemos usar essas Informa\u00e7\u00f5es Pessoais para operar, gerenciar e manter nossos neg\u00f3cios, fornecer nossos produtos e servi\u00e7os e atingir nossos prop\u00f3sitos e objetivos comerciais, inclusive, por exemplo, para: desenvolver, aprimorar, reparar e manter nossos produtos e servi\u00e7os; personalizar, anunciar e comercializar nossos produtos e servi\u00e7os; realizar pesquisas, an\u00e1lises e an\u00e1lises de dados; realizar controle e monitoramento de risco e seguran\u00e7a; detectar e evitar fraudes; realizar verifica\u00e7\u00e3o de identidade; realizar contabilidade, auditoria e outras fun\u00e7\u00f5es internas, como investiga\u00e7\u00f5es internas; cumprir a lei, o processo legal e as pol\u00edticas internas; manter registros; e exercer e defender reivindica\u00e7\u00f5es legais.<\/li>\n<\/ul>\n\n\n\n<p><strong><strong>Reten\u00e7\u00e3o de dados pessoais<\/strong><\/strong><\/p>\n\n\n\n<ul class=\"wp-block-list\">\n<li>N\u00f3s retemos cada categoria de dados pessoais conforme descrito acima em \u201cPer\u00edodo de Reten\u00e7\u00e3o\u201d.<\/li>\n<\/ul>\n\n\n\n<p><strong>Direitos e solicita\u00e7\u00f5es da CCPA<\/strong><\/p>\n\n\n\n<ul class=\"wp-block-list\">\n<li>Solicita\u00e7\u00f5es de Conhecimento e Exclus\u00e3o\n<ul class=\"wp-block-list\">\n<li>Se voc\u00ea for residente da Calif\u00f3rnia, poder\u00e1 fazer as seguintes solicita\u00e7\u00f5es:\n<ul class=\"wp-block-list\">\n<li>(1) \u201cSolicita\u00e7\u00e3o de Conhecimento\u201d\n<ul class=\"wp-block-list\">\n<li>Voc\u00ea pode solicitar que divulguemos a voc\u00ea as seguintes informa\u00e7\u00f5es referentes aos 12 meses anteriores \u00e0 sua solicita\u00e7\u00e3o:\n<ul class=\"wp-block-list\">\n<li>As categorias de Informa\u00e7\u00f5es Pessoais que coletamos sobre voc\u00ea e as categorias de fontes das quais coletamos tais Informa\u00e7\u00f5es Pessoais;<\/li>\n\n\n\n<li>As partes espec\u00edficas das Informa\u00e7\u00f5es Pessoais que coletamos sobre voc\u00ea;<\/li>\n\n\n\n<li>A finalidade comercial ou de neg\u00f3cios para a coleta de Informa\u00e7\u00f5es Pessoais sobre voc\u00ea (se aplic\u00e1vel); e<\/li>\n\n\n\n<li>As categorias de Informa\u00e7\u00f5es Pessoais sobre voc\u00ea que, de outra forma, compartilhamos ou divulgamos, e as categorias de terceiros com quem compartilhamos ou para quem divulgamos tais Informa\u00e7\u00f5es Pessoais (se aplic\u00e1vel).<\/li>\n<\/ul>\n<\/li>\n<\/ul>\n<\/li>\n\n\n\n<li>(2) \u201cSolicita\u00e7\u00e3o de Exclus\u00e3o\u201d\n<ul class=\"wp-block-list\">\n<li>Voc\u00ea pode solicitar a exclus\u00e3o das Informa\u00e7\u00f5es Pessoais que coletamos de voc\u00ea.<\/li>\n\n\n\n<li>Para fazer uma Solicita\u00e7\u00e3o de Conhecimento ou uma Solicita\u00e7\u00e3o de Exclus\u00e3o, entre em contato conosco pelo e-mail customersupport@radancy.com ou pelo telefone 1-800-867-2001 (para liga\u00e7\u00f5es dos Estados Unidos) ou de acordo com a se\u00e7\u00e3o \u201cFale conosco\u201d acima. Verificaremos e responderemos \u00e0 sua solicita\u00e7\u00e3o de acordo com a legisla\u00e7\u00e3o aplic\u00e1vel, considerando o tipo e a sensibilidade das Informa\u00e7\u00f5es Pessoais objeto da solicita\u00e7\u00e3o. Talvez seja necess\u00e1rio solicitar Informa\u00e7\u00f5es Pessoais adicionais, como seu nome, nome de usu\u00e1rio, endere\u00e7o de e-mail ou n\u00famero de telefone, para verificar sua identidade e nos proteger contra solicita\u00e7\u00f5es fraudulentas. Se voc\u00ea mantiver uma conta protegida por senha conosco, poderemos verificar sua identidade por meio de nossas pr\u00e1ticas de autentica\u00e7\u00e3o existentes para sua conta e solicitar que voc\u00ea se autentique novamente antes de divulgar ou excluir suas Informa\u00e7\u00f5es Pessoais. Se voc\u00ea fizer uma Solicita\u00e7\u00e3o de Exclus\u00e3o, poderemos solicitar que voc\u00ea confirme sua solicita\u00e7\u00e3o antes de excluirmos suas Informa\u00e7\u00f5es Pessoais.<\/li>\n\n\n\n<li>Se voc\u00ea quiser fazer uma Solicita\u00e7\u00e3o de Conhecimento ou uma Solicita\u00e7\u00e3o de Exclus\u00e3o como agente autorizado em nome de um residente da Calif\u00f3rnia, poder\u00e1 usar os m\u00e9todos de envio mencionados acima. Trataremos a solicita\u00e7\u00e3o do agente de acordo com a legisla\u00e7\u00e3o aplic\u00e1vel. Como parte de nosso processo de verifica\u00e7\u00e3o, poderemos solicitar que voc\u00ea forne\u00e7a, conforme aplic\u00e1vel, prova de sua condi\u00e7\u00e3o de agente autorizado, que tamb\u00e9m poder\u00e1 incluir:\n<ul class=\"wp-block-list\">\n<li>Prova de seu registro na Secretaria de Estado da Calif\u00f3rnia para conduzir neg\u00f3cios na Calif\u00f3rnia;<\/li>\n\n\n\n<li>Comprovante de uma procura\u00e7\u00e3o do residente de acordo com as se\u00e7\u00f5es 4121-4130 do Probate Code.<\/li>\n\n\n\n<li>Se voc\u00ea for um agente autorizado e n\u00e3o nos tiver fornecido uma procura\u00e7\u00e3o do residente de acordo com as se\u00e7\u00f5es 4121-4130 do Probate Code, tamb\u00e9m poderemos exigir que o residente:\n<ul class=\"wp-block-list\">\n<li>Verifique a pr\u00f3pria identidade do residente diretamente conosco; ou<\/li>\n\n\n\n<li>Confirme diretamente conosco que o residente deu permiss\u00e3o para que voc\u00ea fizesse a solicita\u00e7\u00e3o.<\/li>\n<\/ul>\n<\/li>\n<\/ul>\n<\/li>\n<\/ul>\n<\/li>\n<\/ul>\n<\/li>\n<\/ul>\n<\/li>\n<\/ul>\n\n\n\n<p><strong>&nbsp;Direito \u00e0 N\u00e3o Discrimina\u00e7\u00e3o<\/strong><\/p>\n\n\n\n<p>Voc\u00ea tem o direito de n\u00e3o sofrer tratamento discriminat\u00f3rio ilegal por exercer seus direitos de acordo com a CCPA.<\/p>\n\n\n\n<p><strong><strong>Dados Desidentificados<\/strong>&nbsp;<\/strong><\/p>\n\n\n\n<p>Quando mantivermos ou usarmos dados desidentificados, continuaremos a trat\u00e1-los somente de forma desidentificada e n\u00e3o tentaremos reidentificar as informa\u00e7\u00f5es.<\/p>\n<\/div>\n<\/div>\n\n\n\n<div class=\"wp-block-group section section-extra--spacing is-vertical is-content-justification-stretch is-layout-flex wp-container-core-group-is-layout-353c4f5a wp-block-group-is-layout-flex\">\n<h2 class=\"wp-block-heading headline has-primary-1-color has-text-color has-copy-font-family has-headline-smallest-font-size\" id=\"h-lista-de-afiliados\"><strong>Lista de afiliados<\/strong><\/h2>\n\n\n\n<div class=\"wp-block-group copy is-vertical is-content-justification-stretch is-layout-flex wp-container-core-group-is-layout-353c4f5a wp-block-group-is-layout-flex\">\n<ul class=\"wp-block-list normal\">\n<li>AIA Holdings Limited<\/li>\n\n\n\n<li>Ascendify Corporation<\/li>\n\n\n\n<li>Associates in Advertising Limited<\/li>\n\n\n\n<li>Brazen Technologies, Inc.<\/li>\n\n\n\n<li>Carve Consulting London Limited<\/li>\n\n\n\n<li>CKR Group, Inc.<\/li>\n\n\n\n<li>firstbird GmbH<\/li>\n\n\n\n<li>firstbird Pty Limited<\/li>\n\n\n\n<li>Maximum Alliances B.V.<\/li>\n\n\n\n<li>People in Business Limited<\/li>\n\n\n\n<li>PJB Associes SAS<\/li>\n\n\n\n<li>TMP Government, LLC<\/li>\n\n\n\n<li>TMP Holdings Canada GP, LLC<\/li>\n\n\n\n<li>TMP Holdings Canada L.P.<\/li>\n\n\n\n<li>TMP Intellectual Property Holdings, LLC<\/li>\n\n\n\n<li>TMP Worldwide (Singapore) Advertising Pte Ltd.<\/li>\n\n\n\n<li>TMP Worldwide Advertising &amp; Communications (HK) Ltd.<\/li>\n\n\n\n<li>TMP Worldwide Advertising &amp; Communications Co.<\/li>\n\n\n\n<li>TMP Worldwide Advertising &amp; Communications, LLC<\/li>\n\n\n\n<li>TMP Worldwide Germany GmbH<\/li>\n\n\n\n<li>TMP Worldwide India Private Limited<\/li>\n\n\n\n<li>TMP Worldwide Publicidade Brasil Limitada<\/li>\n<\/ul>\n<\/div>\n\n\n\n<p><a href=\"https:\/\/www.radancy.com\/pt-br\/declarac-o-de-privacidade\/#_ftnref1\">[1]<\/a>&nbsp;TMP&nbsp;Worldwide Advertising &amp; Communications, LLC, atuando como Radancy<\/p>\n<\/div>\n<\/div>\n<\/section>\n\n\n\n<div class=\"wp-block-group alignfull cta has-neutral-1-color has-primary-2-background-color has-text-color has-background has-global-padding is-layout-constrained wp-container-core-group-is-layout-86ad42c5 wp-block-group-is-layout-constrained\" style=\"margin-top:0px;margin-bottom:0px;padding-top:var(--wp--preset--spacing--30);padding-right:var(--wp--preset--spacing--30);padding-bottom:var(--wp--preset--spacing--30);padding-left:var(--wp--preset--spacing--30)\">\n<h3 class=\"wp-block-heading has-text-align-center has-copy-font-family\" id=\"h-fale-com-a-gente-para-acelerar-seus-resultados-de-contratacao-e-maximizar-o-roi-com-uma-plataforma-de-ia-completa\">Fale com a gente para acelerar seus resultados de contrata\u00e7\u00e3o e maximizar o ROI com uma plataforma de IA completa.<\/h3>\n\n\n\n<div class=\"wp-block-buttons is-content-justification-center is-layout-flex wp-container-core-buttons-is-layout-a89b3969 wp-block-buttons-is-layout-flex\">\n<div class=\"wp-block-button\"><a class=\"wp-block-button__link wp-element-button\" href=\"https:\/\/www.radancy.com\/pt-br\/contact\/\">AGENDAR UMA DEMONSTRA\u00c7\u00c3O<\/a><\/div>\n<\/div>\n<\/div>\n","protected":false},"excerpt":{"rendered":"<p>Aviso de privacidade \u00daltima atualiza\u00e7\u00e3o: 3 fevereiro 2025 A Radancy[1] e nossas afiliadas (coletivamente, \u201cRadancy\u201d, \u201cn\u00f3s\u201d ou \u201cnos\u201d) querem que voc\u00ea saiba como coletamos, usamos e divulgamos informa\u00e7\u00f5es. Este Aviso <a class=\"more-link\" href=\"https:\/\/www.radancy.com\/pt-br\/declarac-o-de-privacidade\/\">Read more&#8230;<\/a><\/p>\n","protected":false},"author":26,"featured_media":0,"parent":0,"menu_order":0,"comment_status":"closed","ping_status":"closed","template":"","meta":{"_acf_changed":false,"_EventAllDay":false,"_EventTimezone":"","_EventStartDate":"","_EventEndDate":"","_EventStartDateUTC":"","_EventEndDateUTC":"","_EventShowMap":false,"_EventShowMapLink":false,"_EventURL":"","_EventCost":"","_EventCostDescription":"","_EventCurrencySymbol":"","_EventCurrencyCode":"","_EventCurrencyPosition":"","_EventDateTimeSeparator":"","_EventTimeRangeSeparator":"","_EventOrganizerID":[],"_EventVenueID":[],"_OrganizerEmail":"","_OrganizerPhone":"","_OrganizerWebsite":"","_VenueAddress":"","_VenueCity":"","_VenueCountry":"","_VenueProvince":"","_VenueState":"","_VenueZip":"","_VenuePhone":"","_VenueURL":"","_VenueStateProvince":"","_VenueLat":"","_VenueLng":"","_VenueShowMap":false,"_VenueShowMapLink":false,"_tribe_blocks_recurrence_rules":"","_tribe_blocks_recurrence_description":"","_tribe_blocks_recurrence_exclusions":"","footnotes":""},"class_list":["post-12602","page","type-page","status-publish","hentry"],"acf":[],"yoast_head":"<!-- This site is optimized with the Yoast SEO Premium plugin v26.2 (Yoast SEO v27.4) - https:\/\/yoast.com\/product\/yoast-seo-premium-wordpress\/ -->\n<title>Declara\u00e7\u00e3o de Privacidade | Radancy<\/title>\n<meta name=\"robots\" content=\"index, follow, max-snippet:-1, max-image-preview:large, max-video-preview:-1\" \/>\n<link rel=\"canonical\" href=\"https:\/\/www.radancy.com\/pt-br\/declarac-o-de-privacidade\/\" \/>\n<meta property=\"og:locale\" content=\"pt_BR\" \/>\n<meta property=\"og:type\" content=\"article\" \/>\n<meta property=\"og:title\" content=\"Declara\u00e7\u00e3o de Privacidade | Radancy\" \/>\n<meta property=\"og:description\" content=\"Aviso de privacidade \u00daltima atualiza\u00e7\u00e3o: 3 fevereiro 2025 A Radancy[1] e nossas afiliadas (coletivamente, \u201cRadancy\u201d, \u201cn\u00f3s\u201d ou \u201cnos\u201d) querem que voc\u00ea saiba como coletamos, usamos e divulgamos informa\u00e7\u00f5es. Este Aviso Read more...\" \/>\n<meta property=\"og:url\" content=\"https:\/\/www.radancy.com\/pt-br\/declarac-o-de-privacidade\/\" \/>\n<meta property=\"og:site_name\" content=\"Radancy\" \/>\n<meta property=\"article:publisher\" content=\"https:\/\/www.facebook.com\/radancy\" \/>\n<meta property=\"article:modified_time\" content=\"2025-09-25T14:17:13+00:00\" \/>\n<meta property=\"og:image\" content=\"https:\/\/tbcdn.talentbrew.com\/company\/34730\/gst_v1\/img\/meta\/Radancy_JobShare_img_FINAL_PT.jpg\" \/>\n<meta name=\"twitter:card\" content=\"summary_large_image\" \/>\n<meta name=\"twitter:title\" content=\"Declara\u00e7\u00e3o de Privacidade\" \/>\n<meta name=\"twitter:site\" content=\"@radancyco\" \/>\n<meta name=\"twitter:label1\" content=\"Est. tempo de leitura\" \/>\n\t<meta name=\"twitter:data1\" content=\"24 minutos\" \/>\n<script type=\"application\/ld+json\" class=\"yoast-schema-graph\">{\"@context\":\"https:\\\/\\\/schema.org\",\"@graph\":[{\"@type\":\"WebPage\",\"@id\":\"https:\\\/\\\/www.radancy.com\\\/pt-br\\\/declarac-o-de-privacidade\\\/\",\"url\":\"https:\\\/\\\/www.radancy.com\\\/pt-br\\\/declarac-o-de-privacidade\\\/\",\"name\":\"Declara\u00e7\u00e3o de Privacidade | Radancy\",\"isPartOf\":{\"@id\":\"https:\\\/\\\/www.radancy.com\\\/pt-br\\\/#website\"},\"datePublished\":\"2023-11-17T03:03:21+00:00\",\"dateModified\":\"2025-09-25T14:17:13+00:00\",\"breadcrumb\":{\"@id\":\"https:\\\/\\\/www.radancy.com\\\/pt-br\\\/declarac-o-de-privacidade\\\/#breadcrumb\"},\"inLanguage\":\"pt-BR\",\"potentialAction\":[{\"@type\":\"ReadAction\",\"target\":[\"https:\\\/\\\/www.radancy.com\\\/pt-br\\\/declarac-o-de-privacidade\\\/\"]}]},{\"@type\":\"BreadcrumbList\",\"@id\":\"https:\\\/\\\/www.radancy.com\\\/pt-br\\\/declarac-o-de-privacidade\\\/#breadcrumb\",\"itemListElement\":[{\"@type\":\"ListItem\",\"position\":1,\"name\":\"Home\",\"item\":\"https:\\\/\\\/www.radancy.com\\\/pt-br\\\/\"},{\"@type\":\"ListItem\",\"position\":2,\"name\":\"Declara\u00e7\u00e3o de Privacidade\"}]},{\"@type\":\"WebSite\",\"@id\":\"https:\\\/\\\/www.radancy.com\\\/pt-br\\\/#website\",\"url\":\"https:\\\/\\\/www.radancy.com\\\/pt-br\\\/\",\"name\":\"Radancy\",\"description\":\"Create Connections That Count.\",\"publisher\":{\"@id\":\"https:\\\/\\\/www.radancy.com\\\/pt-br\\\/#organization\"},\"potentialAction\":[{\"@type\":\"SearchAction\",\"target\":{\"@type\":\"EntryPoint\",\"urlTemplate\":\"https:\\\/\\\/www.radancy.com\\\/pt-br\\\/?s={search_term_string}\"},\"query-input\":{\"@type\":\"PropertyValueSpecification\",\"valueRequired\":true,\"valueName\":\"search_term_string\"}}],\"inLanguage\":\"pt-BR\"},{\"@type\":\"Organization\",\"@id\":\"https:\\\/\\\/www.radancy.com\\\/pt-br\\\/#organization\",\"name\":\"Radancy\",\"url\":\"https:\\\/\\\/www.radancy.com\\\/pt-br\\\/\",\"logo\":{\"@type\":\"ImageObject\",\"inLanguage\":\"pt-BR\",\"@id\":\"https:\\\/\\\/www.radancy.com\\\/pt-br\\\/#\\\/schema\\\/logo\\\/image\\\/\",\"url\":\"https:\\\/\\\/www.radancy.com\\\/wp-content\\\/uploads\\\/2024\\\/06\\\/Radancy_Icon_RGB.svg\",\"contentUrl\":\"https:\\\/\\\/www.radancy.com\\\/wp-content\\\/uploads\\\/2024\\\/06\\\/Radancy_Icon_RGB.svg\",\"width\":1,\"height\":1,\"caption\":\"Radancy\"},\"image\":{\"@id\":\"https:\\\/\\\/www.radancy.com\\\/pt-br\\\/#\\\/schema\\\/logo\\\/image\\\/\"},\"sameAs\":[\"https:\\\/\\\/www.facebook.com\\\/radancy\",\"https:\\\/\\\/x.com\\\/radancyco\",\"https:\\\/\\\/www.linkedin.com\\\/company\\\/radancy\\\/\",\"https:\\\/\\\/www.youtube.com\\\/Radancy\\\/videos\",\"https:\\\/\\\/www.instagram.com\\\/radancyco\"]}]}<\/script>\n<!-- \/ Yoast SEO Premium plugin. -->","yoast_head_json":{"title":"Declara\u00e7\u00e3o de Privacidade | Radancy","robots":{"index":"index","follow":"follow","max-snippet":"max-snippet:-1","max-image-preview":"max-image-preview:large","max-video-preview":"max-video-preview:-1"},"canonical":"https:\/\/www.radancy.com\/pt-br\/declarac-o-de-privacidade\/","og_locale":"pt_BR","og_type":"article","og_title":"Declara\u00e7\u00e3o de Privacidade | Radancy","og_description":"Aviso de privacidade \u00daltima atualiza\u00e7\u00e3o: 3 fevereiro 2025 A Radancy[1] e nossas afiliadas (coletivamente, \u201cRadancy\u201d, \u201cn\u00f3s\u201d ou \u201cnos\u201d) querem que voc\u00ea saiba como coletamos, usamos e divulgamos informa\u00e7\u00f5es. Este Aviso Read more...","og_url":"https:\/\/www.radancy.com\/pt-br\/declarac-o-de-privacidade\/","og_site_name":"Radancy","article_publisher":"https:\/\/www.facebook.com\/radancy","article_modified_time":"2025-09-25T14:17:13+00:00","og_image":[{"url":"https:\/\/tbcdn.talentbrew.com\/company\/34730\/gst_v1\/img\/meta\/Radancy_JobShare_img_FINAL_PT.jpg","type":"","width":"","height":""}],"twitter_card":"summary_large_image","twitter_title":"Declara\u00e7\u00e3o de Privacidade","twitter_site":"@radancyco","twitter_misc":{"Est. tempo de leitura":"24 minutos"},"schema":{"@context":"https:\/\/schema.org","@graph":[{"@type":"WebPage","@id":"https:\/\/www.radancy.com\/pt-br\/declarac-o-de-privacidade\/","url":"https:\/\/www.radancy.com\/pt-br\/declarac-o-de-privacidade\/","name":"Declara\u00e7\u00e3o de Privacidade | Radancy","isPartOf":{"@id":"https:\/\/www.radancy.com\/pt-br\/#website"},"datePublished":"2023-11-17T03:03:21+00:00","dateModified":"2025-09-25T14:17:13+00:00","breadcrumb":{"@id":"https:\/\/www.radancy.com\/pt-br\/declarac-o-de-privacidade\/#breadcrumb"},"inLanguage":"pt-BR","potentialAction":[{"@type":"ReadAction","target":["https:\/\/www.radancy.com\/pt-br\/declarac-o-de-privacidade\/"]}]},{"@type":"BreadcrumbList","@id":"https:\/\/www.radancy.com\/pt-br\/declarac-o-de-privacidade\/#breadcrumb","itemListElement":[{"@type":"ListItem","position":1,"name":"Home","item":"https:\/\/www.radancy.com\/pt-br\/"},{"@type":"ListItem","position":2,"name":"Declara\u00e7\u00e3o de Privacidade"}]},{"@type":"WebSite","@id":"https:\/\/www.radancy.com\/pt-br\/#website","url":"https:\/\/www.radancy.com\/pt-br\/","name":"Radancy","description":"Create Connections That Count.","publisher":{"@id":"https:\/\/www.radancy.com\/pt-br\/#organization"},"potentialAction":[{"@type":"SearchAction","target":{"@type":"EntryPoint","urlTemplate":"https:\/\/www.radancy.com\/pt-br\/?s={search_term_string}"},"query-input":{"@type":"PropertyValueSpecification","valueRequired":true,"valueName":"search_term_string"}}],"inLanguage":"pt-BR"},{"@type":"Organization","@id":"https:\/\/www.radancy.com\/pt-br\/#organization","name":"Radancy","url":"https:\/\/www.radancy.com\/pt-br\/","logo":{"@type":"ImageObject","inLanguage":"pt-BR","@id":"https:\/\/www.radancy.com\/pt-br\/#\/schema\/logo\/image\/","url":"https:\/\/www.radancy.com\/wp-content\/uploads\/2024\/06\/Radancy_Icon_RGB.svg","contentUrl":"https:\/\/www.radancy.com\/wp-content\/uploads\/2024\/06\/Radancy_Icon_RGB.svg","width":1,"height":1,"caption":"Radancy"},"image":{"@id":"https:\/\/www.radancy.com\/pt-br\/#\/schema\/logo\/image\/"},"sameAs":["https:\/\/www.facebook.com\/radancy","https:\/\/x.com\/radancyco","https:\/\/www.linkedin.com\/company\/radancy\/","https:\/\/www.youtube.com\/Radancy\/videos","https:\/\/www.instagram.com\/radancyco"]}]}},"_links":{"self":[{"href":"https:\/\/www.radancy.com\/pt-br\/wp-json\/wp\/v2\/pages\/12602","targetHints":{"allow":["GET"]}}],"collection":[{"href":"https:\/\/www.radancy.com\/pt-br\/wp-json\/wp\/v2\/pages"}],"about":[{"href":"https:\/\/www.radancy.com\/pt-br\/wp-json\/wp\/v2\/types\/page"}],"author":[{"embeddable":true,"href":"https:\/\/www.radancy.com\/pt-br\/wp-json\/wp\/v2\/users\/26"}],"replies":[{"embeddable":true,"href":"https:\/\/www.radancy.com\/pt-br\/wp-json\/wp\/v2\/comments?post=12602"}],"version-history":[{"count":0,"href":"https:\/\/www.radancy.com\/pt-br\/wp-json\/wp\/v2\/pages\/12602\/revisions"}],"wp:attachment":[{"href":"https:\/\/www.radancy.com\/pt-br\/wp-json\/wp\/v2\/media?parent=12602"}],"curies":[{"name":"wp","href":"https:\/\/api.w.org\/{rel}","templated":true}]}}