{"id":11938,"date":"2023-11-17T03:02:36","date_gmt":"2023-11-17T03:02:36","guid":{"rendered":"https:\/\/s45175.p1717.sites.pressdns.com\/internal-mobility\/"},"modified":"2025-06-19T13:17:22","modified_gmt":"2025-06-19T13:17:22","slug":"mobilite-interne","status":"publish","type":"page","link":"https:\/\/www.radancy.com\/fr\/mobilite-interne\/","title":{"rendered":"Sites Carri\u00e8re de Mobilit\u00e9 Interne pour Employ\u00e9s Actuels"},"content":{"rendered":"\n<div class=\"wp-block-cover alignfull max-visual js-offset-hero secondary-hero\"><span aria-hidden=\"true\" class=\"wp-block-cover__background has-primary-1-background-color has-background-dim-100 has-background-dim\"><\/span><div class=\"wp-block-cover__inner-container has-global-padding is-layout-constrained wp-block-cover-is-layout-constrained\">\n<div class=\"wp-block-columns fs-container is-layout-flex wp-container-core-columns-is-layout-28f84493 wp-block-columns-is-layout-flex\">\n<div class=\"wp-block-column fs-m-6 hero__content-wrapper is-layout-flow wp-block-column-is-layout-flow\" style=\"flex-basis:50%\">\n<div class=\"wp-block-group hero__content is-vertical is-content-justification-stretch is-layout-flex wp-container-core-group-is-layout-353c4f5a wp-block-group-is-layout-flex\">\n<h1 class=\"wp-block-heading headline--banner\" id=\"h-promouvoir-la-mobilite-interne-aupres-de-vos-collaborateurs\">Promouvoir la mobilit\u00e9 interne aupr\u00e8s de vos collaborateurs<\/h1>\n\n\n\n<div class=\"wp-block-group is-layout-flow wp-block-group-is-layout-flow\">\n<div class=\"wp-block-buttons button button--arrow button--on-dark-bg is-layout-flex wp-block-buttons-is-layout-flex\">\n<div class=\"wp-block-button\"><a class=\"wp-block-button__link wp-element-button\" href=\"https:\/\/www.radancy.com\/fr\/nous-contacter\/\">Demander une d\u00e9mo<\/a><\/div>\n<\/div>\n<\/div>\n<\/div>\n<\/div>\n\n\n\n<div class=\"wp-block-column fs-m-6 hero__visual-wrapper is-layout-flow wp-block-column-is-layout-flow\" style=\"flex-basis:50%\">\n<div class=\"wp-block-group prod-check-inView element-exposed is-vertical is-content-justification-stretch is-layout-flex wp-container-core-group-is-layout-353c4f5a wp-block-group-is-layout-flex\">\n<div class=\"wp-block-group hero__visual-item hero__visual-item--top hero__visual-item--pull-up is-vertical is-content-justification-stretch is-layout-flex wp-container-core-group-is-layout-353c4f5a wp-block-group-is-layout-flex\">\n<figure class=\"wp-block-image hero__pattern js-top-hero-img home-header-top animated fadeInRight delay-100ms\"><img decoding=\"async\" src=\"https:\/\/www.radancy.com\/wp-content\/uploads\/2023\/11\/icon-pattern-2.png\" alt=\"\"\/><\/figure>\n<\/div>\n\n\n\n<div class=\"wp-block-group hero__visual-item hero__visual-item--bottom hero__visual-item--offset is-vertical is-content-justification-stretch is-layout-flex wp-container-core-group-is-layout-353c4f5a wp-block-group-is-layout-flex\">\n<figure class=\"wp-block-image js-bottom-hero-img hero__asset drop-shadow home-header-bottom animated fadeInLeft delay-100ms\"><img decoding=\"async\" src=\"https:\/\/www.radancy.com\/wp-content\/uploads\/2023\/11\/internal-mobility-header-v2.jpg\" alt=\"\"\/><\/figure>\n<\/div>\n<\/div>\n<\/div>\n<\/div>\n<\/div><\/div>\n\n\n\n<section class=\"wp-block-group two-by-two-grid-with-icon is-vertical is-content-justification-stretch is-layout-flex wp-container-core-group-is-layout-353c4f5a wp-block-group-is-layout-flex\">\n<div class=\"wp-block-columns fs-container feat-content feat-content--sec is-layout-flex wp-container-core-columns-is-layout-28f84493 wp-block-columns-is-layout-flex\">\n<div class=\"wp-block-column fs-m-6 is-layout-flow wp-block-column-is-layout-flow\" style=\"flex-basis:50%\">\n<div class=\"wp-block-group pull-up is-vertical is-content-justification-stretch is-layout-flex wp-container-core-group-is-layout-353c4f5a wp-block-group-is-layout-flex\">\n<div class=\"wp-block-group section is-vertical is-content-justification-stretch is-layout-flex wp-container-core-group-is-layout-353c4f5a wp-block-group-is-layout-flex\">\n<div class=\"wp-block-group is-layout-flow wp-block-group-is-layout-flow\"><section class=\"\" style=\"\">\n\t<i class=\"icon icon--square icon-fullcolor-internal-mobility\"><\/i><\/section>\n<\/div>\n\n\n\n<h2 class=\"wp-block-heading headline--intro has-primary-1-color has-text-color has-link-color wp-elements-c422288a0bb816655e5133f7bb1ecc55\" id=\"h-mobilite-interne\">Mobilit\u00e9 interne<\/h2>\n\n\n\n<p>Avec le site de mobilit\u00e9 interne Radancy, donnez \u00e0 vos collaborateurs la possibilit\u00e9 de voir les postes qui correspondent \u00e0 leurs aspirations. Tenez-les inform\u00e9s de l\u2019\u00e9volution de vos besoins de recrutement et des \u00e9volutions de carri\u00e8re possibles pour eux. Constituez-vous ainsi un vivier de talents interne. Tirez parti de la qualit\u00e9 de nos outils de recherche pour d\u00e9tecter vos talents internes. Cette solution du Radancy Talent Acquisition Cloud vous fera gagner du temps et r\u00e9duira vos co\u00fbts de recrutement externe.<\/p>\n<\/div>\n\n\n\n<div class=\"wp-block-group js-anaimated bm_container prod-flex__item prod-check-inView prod-ivVew-recheck prod-wait-till-mostly-inView element-exposed is-vertical is-content-justification-stretch is-layout-flex wp-container-core-group-is-layout-353c4f5a wp-block-group-is-layout-flex\">\n<figure class=\"wp-block-image js-anaimated bm_container prod-flex__item prod-check-inView element-exposed prod-ivVew-recheck prod-wait-till-mostly-inView icon-container-RadancyLabs\"><img decoding=\"async\" src=\"https:\/\/www.radancy.com\/wp-content\/uploads\/2023\/11\/svg_9cb6d937527c27fc1c95a9ea7c2feb59.svg\" alt=\"SVG animation\"\/><\/figure>\n<\/div>\n<\/div>\n<\/div>\n\n\n\n<div class=\"wp-block-column fs-m-6 is-layout-flow wp-block-column-is-layout-flow\" style=\"flex-basis:50%\">\n<div class=\"wp-block-columns fs-forced-container fs-col-count-m-2 list-of-cards is-layout-flex wp-container-core-columns-is-layout-28f84493 wp-block-columns-is-layout-flex\">\n<div class=\"wp-block-column card-with-medium-visual is-layout-flow wp-block-column-is-layout-flow\" style=\"flex-basis:50%\">\n<div class=\"wp-block-group card-visual-item is-vertical is-content-justification-stretch is-layout-flex wp-container-core-group-is-layout-353c4f5a wp-block-group-is-layout-flex\"><section class=\"prod-check-inView fadeInLeft animated element-exposed animated\" style=\"\">\n\t<i class=\"icon icon--square icon--orange icon-monoline-FoundationalFeaturesData prod-check-inView fadeInLeftanimated element-exposed\"><\/i><\/section>\n<\/div>\n\n\n\n<div class=\"wp-block-group card-content-item is-vertical is-content-justification-stretch is-layout-flex wp-container-core-group-is-layout-353c4f5a wp-block-group-is-layout-flex\">\n<h3 class=\"wp-block-heading headline\" id=\"h-site-de-mobilite-interne\">Site de mobilit\u00e9 interne<\/h3>\n\n\n\n<p>Proposez \u00e0 vos collaborateurs une exp\u00e9rience de recherche d\u2019emploi personnalis\u00e9e, avec des contenus qui s\u2019appuient sur votre culture et votre langage.<\/p>\n<\/div>\n<\/div>\n\n\n\n<div class=\"wp-block-column card-with-medium-visual is-layout-flow wp-block-column-is-layout-flow\" style=\"flex-basis:50%\">\n<div class=\"wp-block-group card-visual-item is-vertical is-content-justification-stretch is-layout-flex wp-container-core-group-is-layout-353c4f5a wp-block-group-is-layout-flex\"><section class=\"prod-check-inView fadeInLeft animated element-exposed animated\" style=\"\">\n\t<i class=\"icon icon--square icon--light-blue icon-monoline-MessagingDesign prod-check-inView fadeInLeftanimated element-exposed\"><\/i><\/section>\n<\/div>\n\n\n\n<div class=\"wp-block-group card-content-item is-vertical is-content-justification-stretch is-layout-flex wp-container-core-group-is-layout-353c4f5a wp-block-group-is-layout-flex\">\n<h3 class=\"wp-block-heading headline\" id=\"h-mobilite-et-retention-des-talents\">Mobilit\u00e9 et r\u00e9tention des talents<\/h3>\n\n\n\n<p>En faisant en interne la promotion de tous vos postes ouverts et des possibilit\u00e9s d\u2019\u00e9volution, vous permettez \u00e0 vos talents d\u2019envisager sereinement leur avenir avec vous.<\/p>\n<\/div>\n<\/div>\n\n\n\n<div class=\"wp-block-column card-with-medium-visual is-layout-flow wp-block-column-is-layout-flow\" style=\"flex-basis:50%\">\n<div class=\"wp-block-group card-visual-item is-vertical is-content-justification-stretch is-layout-flex wp-container-core-group-is-layout-353c4f5a wp-block-group-is-layout-flex\"><section class=\"prod-check-inView fadeInLeft animated element-exposed animated\" style=\"\">\n\t<i class=\"icon icon--square icon--yellow icon-monoline-survey prod-check-inView fadeInLeftanimated element-exposed\"><\/i><\/section>\n<\/div>\n\n\n\n<div class=\"wp-block-group card-content-item is-vertical is-content-justification-stretch is-layout-flex wp-container-core-group-is-layout-353c4f5a wp-block-group-is-layout-flex\">\n<h3 class=\"wp-block-heading headline\" id=\"h-gestion-de-contenu\">Gestion de contenu<\/h3>\n\n\n\n<p>G\u00e9rez vous-m\u00eames les contenus de votre site de mobilit\u00e9 interne. Vous pourrez ainsi facilement adapter vos contenus en fonction de l\u2019\u00e9volution de vos besoins.<\/p>\n<\/div>\n<\/div>\n\n\n\n<div class=\"wp-block-column card-with-medium-visual is-layout-flow wp-block-column-is-layout-flow\" style=\"flex-basis:50%\">\n<div class=\"wp-block-group card-visual-item is-vertical is-content-justification-stretch is-layout-flex wp-container-core-group-is-layout-353c4f5a wp-block-group-is-layout-flex\"><section class=\"prod-check-inView fadeInLeft animated element-exposed animated\" style=\"\">\n\t<i class=\"icon icon--square icon--purple icon-monoline-EmployeeAmbassadors prod-check-inView fadeInLeftanimated element-exposed\"><\/i><\/section>\n<\/div>\n\n\n\n<div class=\"wp-block-group card-content-item is-vertical is-content-justification-stretch is-layout-flex wp-container-core-group-is-layout-353c4f5a wp-block-group-is-layout-flex\">\n<h3 class=\"wp-block-heading headline\" id=\"h-vivier-de-candidats-interne\">Vivier de candidats interne<\/h3>\n\n\n\n<p>Optimisez la recherche de candidats interne gr\u00e2ce notre outil de recherche qui exploite au mieux les donn\u00e9es de vos employ\u00e9s.<\/p>\n<\/div>\n<\/div>\n\n\n\n<div class=\"wp-block-column card-with-medium-visual is-layout-flow wp-block-column-is-layout-flow\" style=\"flex-basis:50%\">\n<div class=\"wp-block-group card-visual-item is-vertical is-content-justification-stretch is-layout-flex wp-container-core-group-is-layout-353c4f5a wp-block-group-is-layout-flex\"><section class=\"prod-check-inView fadeInLeft animated element-exposed animated\" style=\"\">\n\t<i class=\"icon icon--square icon--blue icon-monoline-Marketing prod-check-inView fadeInLeftanimated element-exposed\"><\/i><\/section>\n<\/div>\n\n\n\n<div class=\"wp-block-group card-content-item is-vertical is-content-justification-stretch is-layout-flex wp-container-core-group-is-layout-353c4f5a wp-block-group-is-layout-flex\">\n<h3 class=\"wp-block-heading headline\" id=\"h-automatisation-des-campagnes\">Automatisation des campagnes<\/h3>\n\n\n\n<p>Gagnez du temps et des ressources gr\u00e2ce \u00e0 des campagnes automatis\u00e9es et des messages personnalis\u00e9s vers les candidats internes. Ciblez-les en fonction de leur poste actuel, de leur localisation et de leur comportement dans leur recherche de mobilit\u00e9 interne.<\/p>\n<\/div>\n<\/div>\n\n\n\n<div class=\"wp-block-column card-with-medium-visual is-layout-flow wp-block-column-is-layout-flow\" style=\"flex-basis:50%\">\n<div class=\"wp-block-group card-visual-item is-vertical is-content-justification-stretch is-layout-flex wp-container-core-group-is-layout-353c4f5a wp-block-group-is-layout-flex\"><section class=\"prod-check-inView fadeInLeft animated element-exposed animated\" style=\"\">\n\t<i class=\"icon icon--square icon--mint-green icon-monoline-InternalTalentCommunity prod-check-inView fadeInLeftanimated element-exposed\"><\/i><\/section>\n<\/div>\n\n\n\n<div class=\"wp-block-group card-content-item is-vertical is-content-justification-stretch is-layout-flex wp-container-core-group-is-layout-353c4f5a wp-block-group-is-layout-flex\">\n<h3 class=\"wp-block-heading headline\" id=\"h-sondages-internes\">Sondages internes<\/h3>\n\n\n\n<p>Recueillez les feedbacks des collaborateurs sur leurs motivations \u00e0 chercher un emploi en interne, leur exp\u00e9rience du site, et le lien qui les unit \u00e0 votre entreprise.<\/p>\n<\/div>\n<\/div>\n<\/div>\n<\/div>\n<\/div>\n<\/section>\n\n\n\n<div style=\"height:40px\" aria-hidden=\"true\" class=\"wp-block-spacer\"><\/div>\n\n\n\n<div class=\"wp-block-group alignfull cta has-neutral-1-color has-primary-2-background-color has-text-color has-background has-global-padding is-layout-constrained wp-container-core-group-is-layout-86ad42c5 wp-block-group-is-layout-constrained\" style=\"margin-top:0px;margin-bottom:0px;padding-top:var(--wp--preset--spacing--30);padding-right:var(--wp--preset--spacing--30);padding-bottom:var(--wp--preset--spacing--30);padding-left:var(--wp--preset--spacing--30)\">\n<h3 class=\"wp-block-heading has-text-align-center has-copy-font-family\" id=\"h-contactez-nous-pour-accelerer-vos-recrutements-et-maximiser-votre-retour-sur-investissement-grace-a-une-plateforme-d-ia-unifiee\">Contactez-nous pour acc\u00e9l\u00e9rer vos recrutements et maximiser votre retour sur investissement gr\u00e2ce \u00e0 une plateforme d\u2019IA unifi\u00e9e.<\/h3>\n\n\n\n<div class=\"wp-block-buttons is-content-justification-center is-layout-flex wp-container-core-buttons-is-layout-a89b3969 wp-block-buttons-is-layout-flex\">\n<div class=\"wp-block-button\"><a class=\"wp-block-button__link wp-element-button\" href=\"https:\/\/www.radancy.com\/fr\/nous-contacter\/\">DEMANDER UNE D\u00c9MO<\/a><\/div>\n<\/div>\n<\/div>\n","protected":false},"excerpt":{"rendered":"<p>Mobilit\u00e9 interne Avec le site de mobilit\u00e9 interne Radancy, donnez \u00e0 vos collaborateurs la possibilit\u00e9 de voir les postes qui correspondent \u00e0 leurs aspirations. Tenez-les inform\u00e9s de l\u2019\u00e9volution de vos <a class=\"more-link\" href=\"https:\/\/www.radancy.com\/fr\/mobilite-interne\/\">Read more&#8230;<\/a><\/p>\n","protected":false},"author":1,"featured_media":0,"parent":0,"menu_order":0,"comment_status":"closed","ping_status":"closed","template":"","meta":{"_acf_changed":false,"_EventAllDay":false,"_EventTimezone":"","_EventStartDate":"","_EventEndDate":"","_EventStartDateUTC":"","_EventEndDateUTC":"","_EventShowMap":false,"_EventShowMapLink":false,"_EventURL":"","_EventCost":"","_EventCostDescription":"","_EventCurrencySymbol":"","_EventCurrencyCode":"","_EventCurrencyPosition":"","_EventDateTimeSeparator":"","_EventTimeRangeSeparator":"","_EventOrganizerID":[],"_EventVenueID":[],"_OrganizerEmail":"","_OrganizerPhone":"","_OrganizerWebsite":"","_VenueAddress":"","_VenueCity":"","_VenueCountry":"","_VenueProvince":"","_VenueState":"","_VenueZip":"","_VenuePhone":"","_VenueURL":"","_VenueStateProvince":"","_VenueLat":"","_VenueLng":"","_VenueShowMap":false,"_VenueShowMapLink":false,"_tribe_blocks_recurrence_rules":"","_tribe_blocks_recurrence_description":"","_tribe_blocks_recurrence_exclusions":"","footnotes":""},"class_list":["post-11938","page","type-page","status-publish","hentry"],"acf":[],"yoast_head":"<!-- This site is optimized with the Yoast SEO Premium plugin v26.2 (Yoast SEO v27.5) - https:\/\/yoast.com\/product\/yoast-seo-premium-wordpress\/ -->\n<title>Sites Carri\u00e8re de Mobilit\u00e9 Interne pour Employ\u00e9s Actuels | Radancy<\/title>\n<meta name=\"robots\" content=\"index, follow, max-snippet:-1, max-image-preview:large, max-video-preview:-1\" \/>\n<link rel=\"canonical\" href=\"https:\/\/www.radancy.com\/fr\/mobilite-interne\/\" \/>\n<meta property=\"og:locale\" content=\"fr_FR\" \/>\n<meta property=\"og:type\" content=\"article\" \/>\n<meta property=\"og:title\" content=\"Sites Carri\u00e8re de Mobilit\u00e9 Interne pour Employ\u00e9s Actuels |\" \/>\n<meta property=\"og:description\" content=\"Mobilit\u00e9 interne Avec le site de mobilit\u00e9 interne Radancy, donnez \u00e0 vos collaborateurs la possibilit\u00e9 de voir les postes qui correspondent \u00e0 leurs aspirations. Tenez-les inform\u00e9s de l\u2019\u00e9volution de vos Read more...\" \/>\n<meta property=\"og:url\" content=\"https:\/\/www.radancy.com\/fr\/mobilite-interne\/\" \/>\n<meta property=\"og:site_name\" content=\"Radancy\" \/>\n<meta property=\"article:publisher\" content=\"https:\/\/www.facebook.com\/radancy\" \/>\n<meta property=\"article:modified_time\" content=\"2025-06-19T13:17:22+00:00\" \/>\n<meta property=\"og:image\" content=\"https:\/\/tbcdn.talentbrew.com\/company\/34730\/gst_v1\/img\/meta\/Radancy_JobShare-img-FINAL-FR.jpg\" \/>\n<meta name=\"twitter:card\" content=\"summary_large_image\" \/>\n<meta name=\"twitter:title\" content=\"Sites Carri\u00e8re de Mobilit\u00e9 Interne pour Employ\u00e9s Actuels\" \/>\n<meta name=\"twitter:site\" content=\"@radancyco\" \/>\n<meta name=\"twitter:label1\" content=\"Dur\u00e9e de lecture estim\u00e9e\" \/>\n\t<meta name=\"twitter:data1\" content=\"2 minutes\" \/>\n<script type=\"application\/ld+json\" class=\"yoast-schema-graph\">{\"@context\":\"https:\\\/\\\/schema.org\",\"@graph\":[{\"@type\":\"WebPage\",\"@id\":\"https:\\\/\\\/www.radancy.com\\\/fr\\\/mobilite-interne\\\/\",\"url\":\"https:\\\/\\\/www.radancy.com\\\/fr\\\/mobilite-interne\\\/\",\"name\":\"Sites Carri\u00e8re de Mobilit\u00e9 Interne pour Employ\u00e9s Actuels | Radancy\",\"isPartOf\":{\"@id\":\"https:\\\/\\\/www.radancy.com\\\/fr\\\/#website\"},\"primaryImageOfPage\":{\"@id\":\"https:\\\/\\\/www.radancy.com\\\/fr\\\/mobilite-interne\\\/#primaryimage\"},\"image\":{\"@id\":\"https:\\\/\\\/www.radancy.com\\\/fr\\\/mobilite-interne\\\/#primaryimage\"},\"thumbnailUrl\":\"https:\\\/\\\/www.radancy.com\\\/wp-content\\\/uploads\\\/2023\\\/11\\\/icon-pattern-2.png\",\"datePublished\":\"2023-11-17T03:02:36+00:00\",\"dateModified\":\"2025-06-19T13:17:22+00:00\",\"breadcrumb\":{\"@id\":\"https:\\\/\\\/www.radancy.com\\\/fr\\\/mobilite-interne\\\/#breadcrumb\"},\"inLanguage\":\"fr-FR\",\"potentialAction\":[{\"@type\":\"ReadAction\",\"target\":[\"https:\\\/\\\/www.radancy.com\\\/fr\\\/mobilite-interne\\\/\"]}]},{\"@type\":\"ImageObject\",\"inLanguage\":\"fr-FR\",\"@id\":\"https:\\\/\\\/www.radancy.com\\\/fr\\\/mobilite-interne\\\/#primaryimage\",\"url\":\"https:\\\/\\\/www.radancy.com\\\/wp-content\\\/uploads\\\/2023\\\/11\\\/icon-pattern-2.png\",\"contentUrl\":\"https:\\\/\\\/www.radancy.com\\\/wp-content\\\/uploads\\\/2023\\\/11\\\/icon-pattern-2.png\"},{\"@type\":\"BreadcrumbList\",\"@id\":\"https:\\\/\\\/www.radancy.com\\\/fr\\\/mobilite-interne\\\/#breadcrumb\",\"itemListElement\":[{\"@type\":\"ListItem\",\"position\":1,\"name\":\"Home\",\"item\":\"https:\\\/\\\/www.radancy.com\\\/fr\\\/\"},{\"@type\":\"ListItem\",\"position\":2,\"name\":\"Sites Carri\u00e8re de Mobilit\u00e9 Interne pour Employ\u00e9s Actuels\"}]},{\"@type\":\"WebSite\",\"@id\":\"https:\\\/\\\/www.radancy.com\\\/fr\\\/#website\",\"url\":\"https:\\\/\\\/www.radancy.com\\\/fr\\\/\",\"name\":\"Radancy\",\"description\":\"Create Connections That Count.\",\"publisher\":{\"@id\":\"https:\\\/\\\/www.radancy.com\\\/fr\\\/#organization\"},\"potentialAction\":[{\"@type\":\"SearchAction\",\"target\":{\"@type\":\"EntryPoint\",\"urlTemplate\":\"https:\\\/\\\/www.radancy.com\\\/fr\\\/?s={search_term_string}\"},\"query-input\":{\"@type\":\"PropertyValueSpecification\",\"valueRequired\":true,\"valueName\":\"search_term_string\"}}],\"inLanguage\":\"fr-FR\"},{\"@type\":\"Organization\",\"@id\":\"https:\\\/\\\/www.radancy.com\\\/fr\\\/#organization\",\"name\":\"Radancy\",\"url\":\"https:\\\/\\\/www.radancy.com\\\/fr\\\/\",\"logo\":{\"@type\":\"ImageObject\",\"inLanguage\":\"fr-FR\",\"@id\":\"https:\\\/\\\/www.radancy.com\\\/fr\\\/#\\\/schema\\\/logo\\\/image\\\/\",\"url\":\"https:\\\/\\\/www.radancy.com\\\/wp-content\\\/uploads\\\/2024\\\/06\\\/Radancy_Icon_RGB.svg\",\"contentUrl\":\"https:\\\/\\\/www.radancy.com\\\/wp-content\\\/uploads\\\/2024\\\/06\\\/Radancy_Icon_RGB.svg\",\"width\":1,\"height\":1,\"caption\":\"Radancy\"},\"image\":{\"@id\":\"https:\\\/\\\/www.radancy.com\\\/fr\\\/#\\\/schema\\\/logo\\\/image\\\/\"},\"sameAs\":[\"https:\\\/\\\/www.facebook.com\\\/radancy\",\"https:\\\/\\\/x.com\\\/radancyco\",\"https:\\\/\\\/www.linkedin.com\\\/company\\\/radancy\\\/\",\"https:\\\/\\\/www.youtube.com\\\/Radancy\\\/videos\",\"https:\\\/\\\/www.instagram.com\\\/radancyco\"]}]}<\/script>\n<!-- \/ Yoast SEO Premium plugin. -->","yoast_head_json":{"title":"Sites Carri\u00e8re de Mobilit\u00e9 Interne pour Employ\u00e9s Actuels | Radancy","robots":{"index":"index","follow":"follow","max-snippet":"max-snippet:-1","max-image-preview":"max-image-preview:large","max-video-preview":"max-video-preview:-1"},"canonical":"https:\/\/www.radancy.com\/fr\/mobilite-interne\/","og_locale":"fr_FR","og_type":"article","og_title":"Sites Carri\u00e8re de Mobilit\u00e9 Interne pour Employ\u00e9s Actuels |","og_description":"Mobilit\u00e9 interne Avec le site de mobilit\u00e9 interne Radancy, donnez \u00e0 vos collaborateurs la possibilit\u00e9 de voir les postes qui correspondent \u00e0 leurs aspirations. Tenez-les inform\u00e9s de l\u2019\u00e9volution de vos Read more...","og_url":"https:\/\/www.radancy.com\/fr\/mobilite-interne\/","og_site_name":"Radancy","article_publisher":"https:\/\/www.facebook.com\/radancy","article_modified_time":"2025-06-19T13:17:22+00:00","og_image":[{"url":"https:\/\/tbcdn.talentbrew.com\/company\/34730\/gst_v1\/img\/meta\/Radancy_JobShare-img-FINAL-FR.jpg","type":"","width":"","height":""}],"twitter_card":"summary_large_image","twitter_title":"Sites Carri\u00e8re de Mobilit\u00e9 Interne pour Employ\u00e9s Actuels","twitter_site":"@radancyco","twitter_misc":{"Dur\u00e9e de lecture estim\u00e9e":"2 minutes"},"schema":{"@context":"https:\/\/schema.org","@graph":[{"@type":"WebPage","@id":"https:\/\/www.radancy.com\/fr\/mobilite-interne\/","url":"https:\/\/www.radancy.com\/fr\/mobilite-interne\/","name":"Sites Carri\u00e8re de Mobilit\u00e9 Interne pour Employ\u00e9s Actuels | Radancy","isPartOf":{"@id":"https:\/\/www.radancy.com\/fr\/#website"},"primaryImageOfPage":{"@id":"https:\/\/www.radancy.com\/fr\/mobilite-interne\/#primaryimage"},"image":{"@id":"https:\/\/www.radancy.com\/fr\/mobilite-interne\/#primaryimage"},"thumbnailUrl":"https:\/\/www.radancy.com\/wp-content\/uploads\/2023\/11\/icon-pattern-2.png","datePublished":"2023-11-17T03:02:36+00:00","dateModified":"2025-06-19T13:17:22+00:00","breadcrumb":{"@id":"https:\/\/www.radancy.com\/fr\/mobilite-interne\/#breadcrumb"},"inLanguage":"fr-FR","potentialAction":[{"@type":"ReadAction","target":["https:\/\/www.radancy.com\/fr\/mobilite-interne\/"]}]},{"@type":"ImageObject","inLanguage":"fr-FR","@id":"https:\/\/www.radancy.com\/fr\/mobilite-interne\/#primaryimage","url":"https:\/\/www.radancy.com\/wp-content\/uploads\/2023\/11\/icon-pattern-2.png","contentUrl":"https:\/\/www.radancy.com\/wp-content\/uploads\/2023\/11\/icon-pattern-2.png"},{"@type":"BreadcrumbList","@id":"https:\/\/www.radancy.com\/fr\/mobilite-interne\/#breadcrumb","itemListElement":[{"@type":"ListItem","position":1,"name":"Home","item":"https:\/\/www.radancy.com\/fr\/"},{"@type":"ListItem","position":2,"name":"Sites Carri\u00e8re de Mobilit\u00e9 Interne pour Employ\u00e9s Actuels"}]},{"@type":"WebSite","@id":"https:\/\/www.radancy.com\/fr\/#website","url":"https:\/\/www.radancy.com\/fr\/","name":"Radancy","description":"Create Connections That Count.","publisher":{"@id":"https:\/\/www.radancy.com\/fr\/#organization"},"potentialAction":[{"@type":"SearchAction","target":{"@type":"EntryPoint","urlTemplate":"https:\/\/www.radancy.com\/fr\/?s={search_term_string}"},"query-input":{"@type":"PropertyValueSpecification","valueRequired":true,"valueName":"search_term_string"}}],"inLanguage":"fr-FR"},{"@type":"Organization","@id":"https:\/\/www.radancy.com\/fr\/#organization","name":"Radancy","url":"https:\/\/www.radancy.com\/fr\/","logo":{"@type":"ImageObject","inLanguage":"fr-FR","@id":"https:\/\/www.radancy.com\/fr\/#\/schema\/logo\/image\/","url":"https:\/\/www.radancy.com\/wp-content\/uploads\/2024\/06\/Radancy_Icon_RGB.svg","contentUrl":"https:\/\/www.radancy.com\/wp-content\/uploads\/2024\/06\/Radancy_Icon_RGB.svg","width":1,"height":1,"caption":"Radancy"},"image":{"@id":"https:\/\/www.radancy.com\/fr\/#\/schema\/logo\/image\/"},"sameAs":["https:\/\/www.facebook.com\/radancy","https:\/\/x.com\/radancyco","https:\/\/www.linkedin.com\/company\/radancy\/","https:\/\/www.youtube.com\/Radancy\/videos","https:\/\/www.instagram.com\/radancyco"]}]}},"_links":{"self":[{"href":"https:\/\/www.radancy.com\/fr\/wp-json\/wp\/v2\/pages\/11938","targetHints":{"allow":["GET"]}}],"collection":[{"href":"https:\/\/www.radancy.com\/fr\/wp-json\/wp\/v2\/pages"}],"about":[{"href":"https:\/\/www.radancy.com\/fr\/wp-json\/wp\/v2\/types\/page"}],"author":[{"embeddable":true,"href":"https:\/\/www.radancy.com\/fr\/wp-json\/wp\/v2\/users\/1"}],"replies":[{"embeddable":true,"href":"https:\/\/www.radancy.com\/fr\/wp-json\/wp\/v2\/comments?post=11938"}],"version-history":[{"count":0,"href":"https:\/\/www.radancy.com\/fr\/wp-json\/wp\/v2\/pages\/11938\/revisions"}],"wp:attachment":[{"href":"https:\/\/www.radancy.com\/fr\/wp-json\/wp\/v2\/media?parent=11938"}],"curies":[{"name":"wp","href":"https:\/\/api.w.org\/{rel}","templated":true}]}}