{"id":11924,"date":"2023-11-17T03:02:26","date_gmt":"2023-11-17T03:02:26","guid":{"rendered":"https:\/\/s45175.p1717.sites.pressdns.com\/evp-brand-and-creative-development\/"},"modified":"2025-06-19T12:25:46","modified_gmt":"2025-06-19T12:25:46","slug":"marque-employeur","status":"publish","type":"page","link":"https:\/\/www.radancy.com\/fr\/marque-employeur\/","title":{"rendered":"Cr\u00e9ation de la Marque Employeur et de la Proposition de Valeur Employe"},"content":{"rendered":"\n<div class=\"wp-block-cover alignfull max-visual js-offset-hero secondary-hero\"><span aria-hidden=\"true\" class=\"wp-block-cover__background has-primary-1-background-color has-background-dim-100 has-background-dim\"><\/span><div class=\"wp-block-cover__inner-container has-global-padding is-layout-constrained wp-block-cover-is-layout-constrained\">\n<div class=\"wp-block-columns fs-container is-layout-flex wp-container-core-columns-is-layout-28f84493 wp-block-columns-is-layout-flex\">\n<div class=\"wp-block-column fs-m-6 hero__content-wrapper is-layout-flow wp-block-column-is-layout-flow\" style=\"flex-basis:50%\">\n<div class=\"wp-block-group hero__content is-vertical is-content-justification-stretch is-layout-flex wp-container-core-group-is-layout-353c4f5a wp-block-group-is-layout-flex\">\n<h1 class=\"wp-block-heading headline--banner\" id=\"h-construire-une-marque-employeur-qui-genere-plus-de-candidatures\">Construire une marque employeur qui g\u00e9n\u00e8re plus de candidatures<\/h1>\n\n\n\n<div class=\"wp-block-group is-layout-flow wp-block-group-is-layout-flow\">\n<div class=\"wp-block-buttons button button--arrow button--on-dark-bg is-layout-flex wp-block-buttons-is-layout-flex\">\n<div class=\"wp-block-button\"><a class=\"wp-block-button__link wp-element-button\" href=\"https:\/\/www.radancy.com\/fr\/nous-contacter\/\">Nous contacter<\/a><\/div>\n<\/div>\n<\/div>\n<\/div>\n<\/div>\n\n\n\n<div class=\"wp-block-column fs-m-6 hero__visual-wrapper is-layout-flow wp-block-column-is-layout-flow\" style=\"flex-basis:50%\">\n<div class=\"wp-block-group prod-check-inView element-exposed is-vertical is-content-justification-stretch is-layout-flex wp-container-core-group-is-layout-353c4f5a wp-block-group-is-layout-flex\">\n<div class=\"wp-block-group hero__visual-item hero__visual-item--top hero__visual-item--pull-up is-vertical is-content-justification-stretch is-layout-flex wp-container-core-group-is-layout-353c4f5a wp-block-group-is-layout-flex\">\n<figure class=\"wp-block-image hero__pattern js-top-hero-img home-header-top animated fadeInRight delay-100ms\"><img decoding=\"async\" src=\"https:\/\/www.radancy.com\/wp-content\/uploads\/2023\/11\/icon-pattern-2.png\" alt=\"\"\/><\/figure>\n<\/div>\n\n\n\n<div class=\"wp-block-group hero__visual-item hero__visual-item--bottom hero__visual-item--offset is-vertical is-content-justification-stretch is-layout-flex wp-container-core-group-is-layout-353c4f5a wp-block-group-is-layout-flex\">\n<figure class=\"wp-block-image js-bottom-hero-img hero__asset drop-shadow home-header-bottom animated fadeInLeft delay-100ms\"><img decoding=\"async\" src=\"https:\/\/www.radancy.com\/wp-content\/uploads\/2023\/11\/evp-brand-creative-sony-video-2.jpg\" alt=\"Un ordinateur portable et un t\u00e9l\u00e9phone affichant un site Web.\"\/><\/figure>\n<\/div>\n<\/div>\n<\/div>\n<\/div>\n<\/div><\/div>\n\n\n\n<section class=\"wp-block-group section--extra-spacing two-by-two-grid-with-icon is-vertical is-content-justification-stretch is-layout-flex wp-container-core-group-is-layout-353c4f5a wp-block-group-is-layout-flex\">\n<div class=\"wp-block-columns fs-container feat-content feat-content--sec is-layout-flex wp-container-core-columns-is-layout-28f84493 wp-block-columns-is-layout-flex\">\n<div class=\"wp-block-column fs-m-6 is-layout-flow wp-block-column-is-layout-flow\" style=\"flex-basis:50%\">\n<div class=\"wp-block-group pull-up is-vertical is-content-justification-stretch is-layout-flex wp-container-core-group-is-layout-353c4f5a wp-block-group-is-layout-flex\">\n<div class=\"wp-block-group section is-vertical is-content-justification-stretch is-layout-flex wp-container-core-group-is-layout-353c4f5a wp-block-group-is-layout-flex\">\n<div class=\"wp-block-group is-layout-flow wp-block-group-is-layout-flow\"><section class=\"\" style=\"\">\n\t<i class=\"icon icon--square icon-fullcolor-evp-brand-development\"><\/i><\/section>\n<\/div>\n\n\n\n<h2 class=\"wp-block-heading headline--intro has-primary-1-color has-text-color has-link-color wp-elements-e317f20a4c1847f242e36065c7a564a1\" id=\"h-activer-votre-marque-employeur\">Activer votre marque employeur<\/h2>\n\n\n\n<p><span>Nous avons con\u00e7u le <\/span><span>Radancy<\/span><span> Talent Acquisition Cloud pour vous permettre de d\u00e9ployer la sp\u00e9cificit\u00e9 de votre marque employeur. Nos \u00e9quipes peuvent vous proposer une simple adaptation \u00e0 nos solutions Cloud, ou une refonte compl\u00e8te de votre marque employeur, avec un design optimis\u00e9 pour une meilleure exp\u00e9rience utilisateur.<\/span><\/p>\n<\/div>\n\n\n\n<div class=\"wp-block-group js-anaimated bm_container prod-flex__item prod-check-inView prod-ivVew-recheck prod-wait-till-mostly-inView element-exposed is-vertical is-content-justification-stretch is-layout-flex wp-container-core-group-is-layout-353c4f5a wp-block-group-is-layout-flex\">\n<figure class=\"wp-block-image js-anaimated bm_container prod-flex__item prod-check-inView element-exposed prod-ivVew-recheck prod-wait-till-mostly-inView icon-container-RadancyLabs\"><img decoding=\"async\" src=\"https:\/\/www.radancy.com\/wp-content\/uploads\/2023\/11\/svg_108bc845a64cd21a681b68496cb97940.svg\" alt=\"SVG animation\"\/><\/figure>\n<\/div>\n<\/div>\n<\/div>\n\n\n\n<div class=\"wp-block-column fs-m-6 is-layout-flow wp-block-column-is-layout-flow\" style=\"flex-basis:50%\">\n<div class=\"wp-block-columns fs-forced-container fs-col-count-m-2 list-of-cards is-layout-flex wp-container-core-columns-is-layout-28f84493 wp-block-columns-is-layout-flex\">\n<div class=\"wp-block-column card-with-medium-visual is-layout-flow wp-block-column-is-layout-flow\" style=\"flex-basis:50%\">\n<div class=\"wp-block-group card-visual-item is-vertical is-content-justification-stretch is-layout-flex wp-container-core-group-is-layout-353c4f5a wp-block-group-is-layout-flex\"><section class=\"prod-check-inView fadeInLeft animated element-exposed animated\" style=\"\">\n\t<i class=\"icon icon--square icon--orange icon-monoline-BrandDevelopment prod-check-inView fadeInLeftanimated element-exposed\"><\/i><\/section>\n<\/div>\n\n\n\n<div class=\"wp-block-group card-content-item is-vertical is-content-justification-stretch is-layout-flex wp-container-core-group-is-layout-353c4f5a wp-block-group-is-layout-flex\">\n<h3 class=\"wp-block-heading headline\" id=\"h-votre-proposition-de-valeur-employeur\">Votre proposition de valeur employeur<\/h3>\n\n\n\n<p><span>Nous pouvons d\u00e9finir avec vous votre proposition de valeur employeur et construire la strat\u00e9gie pour la faire conna\u00eetre.<\/span><\/p>\n\n\n\n<p><a class=\"link-arrow link-arrow--purple font-family-accent\" href=\"https:\/\/www.radancy.com\/fr\/developpement-de-marque-employeur\/\" data-custom-event=\"true\" data-custom-category=\"custom event\" data-custom-label=\"Learn more about Brand Development\">En savoir plus <\/a><\/p>\n<\/div>\n<\/div>\n\n\n\n<div class=\"wp-block-column card-with-medium-visual is-layout-flow wp-block-column-is-layout-flow\" style=\"flex-basis:50%\">\n<div class=\"wp-block-group card-visual-item is-vertical is-content-justification-stretch is-layout-flex wp-container-core-group-is-layout-353c4f5a wp-block-group-is-layout-flex\"><section class=\"prod-check-inView fadeInLeft animated element-exposed animated\" style=\"\">\n\t<i class=\"icon icon--square icon--light-blue icon-monoline-TargetAudiences prod-check-inView fadeInLeftanimated element-exposed\"><\/i><\/section>\n<\/div>\n\n\n\n<div class=\"wp-block-group card-content-item is-vertical is-content-justification-stretch is-layout-flex wp-container-core-group-is-layout-353c4f5a wp-block-group-is-layout-flex\">\n<h3 class=\"wp-block-heading headline\" id=\"h-s-adresser-a-la-bonne-cible\">S\u2019adresser \u00e0 la bonne cible<\/h3>\n\n\n\n<p><span>Bien c<\/span><span>ommuniquer, c\u2019est<\/span><span> <\/span><span>adresser le bon message \u00e0 la bonne cible. En nous appuyant sur des donn\u00e9es exclusives, nous adapterons vos messages pour d\u00e9clencher l\u2019int\u00e9r\u00eat de publics sp\u00e9cifiques.<\/span><\/p>\n\n\n\n<p><a class=\"link-arrow link-arrow--purple font-family-accent\" href=\"https:\/\/www.radancy.com\/fr\/target-audiences\/\" data-custom-event=\"true\" data-custom-category=\"custom event\" data-custom-label=\"Learn more about Target Audiences\">En savoir plus <\/a><\/p>\n<\/div>\n<\/div>\n\n\n\n<div class=\"wp-block-column card-with-medium-visual is-layout-flow wp-block-column-is-layout-flow\" style=\"flex-basis:50%\">\n<div class=\"wp-block-group card-visual-item is-vertical is-content-justification-stretch is-layout-flex wp-container-core-group-is-layout-353c4f5a wp-block-group-is-layout-flex\"><section class=\"prod-check-inView fadeInLeft animated element-exposed animated\" style=\"\">\n\t<i class=\"icon icon--square icon--mint-green icon-monoline-CreativeDevelopment prod-check-inView fadeInLeftanimated element-exposed\"><\/i><\/section>\n<\/div>\n\n\n\n<div class=\"wp-block-group card-content-item is-vertical is-content-justification-stretch is-layout-flex wp-container-core-group-is-layout-353c4f5a wp-block-group-is-layout-flex\">\n<h3 class=\"wp-block-heading headline\" id=\"h-l-expression-creative\">L\u2019expression cr\u00e9ative<\/h3>\n\n\n\n<p>Un bon concept cr\u00e9atif peut consid\u00e9rablement renforcer votre attractivit\u00e9. Nos \u00e9quipes cr\u00e9atives cumulent de nombreux prix dans ce domaine et saurons vous proposer les meilleures cr\u00e9ations.<\/p>\n\n\n\n<p><a class=\"link-arrow link-arrow--purple font-family-accent\" href=\"https:\/\/www.radancy.com\/fr\/development-creatif\/\" data-custom-event=\"true\" data-custom-category=\"custom event\" data-custom-label=\"Learn more about Creative Development\">En savoir plus <\/a><\/p>\n<\/div>\n<\/div>\n\n\n\n<div class=\"wp-block-column card-with-medium-visual is-layout-flow wp-block-column-is-layout-flow\" style=\"flex-basis:50%\">\n<div class=\"wp-block-group card-visual-item is-vertical is-content-justification-stretch is-layout-flex wp-container-core-group-is-layout-353c4f5a wp-block-group-is-layout-flex\"><section class=\"prod-check-inView fadeInLeft animated element-exposed animated\" style=\"\">\n\t<i class=\"icon icon--square icon--purple icon-monoline-SocialResponsibility prod-check-inView fadeInLeftanimated element-exposed\"><\/i><\/section>\n<\/div>\n\n\n\n<div class=\"wp-block-group card-content-item is-vertical is-content-justification-stretch is-layout-flex wp-container-core-group-is-layout-353c4f5a wp-block-group-is-layout-flex\">\n<h3 class=\"wp-block-heading headline\" id=\"h-strategie-reseaux-sociaux\">Strat\u00e9gie r\u00e9seaux sociaux<\/h3>\n\n\n\n<p><span>Engager la conversation avec vos candidats sur les r\u00e9seaux sociaux, cr\u00e9er les bonnes connexions au bon moment, renforcer la part de voix de votre marque, autant d\u2019objectifs qui n\u00e9cessitent une strat\u00e9gie adapt\u00e9e \u00e0 votre situation.<\/span><\/p>\n\n\n\n<p><a class=\"link-arrow link-arrow--purple font-family-accent\" href=\"https:\/\/www.radancy.com\/fr\/strategie-sociale-et-de-contenu\/\" data-custom-event=\"true\" data-custom-category=\"custom event\" data-custom-label=\"Learn more about Social and Content Strategy\">En savoir plus <\/a><\/p>\n<\/div>\n<\/div>\n<\/div>\n<\/div>\n<\/div>\n<\/section>\n\n\n\n<div style=\"height:40px\" aria-hidden=\"true\" class=\"wp-block-spacer\"><\/div>\n\n\n\n<div class=\"wp-block-group alignfull cta has-neutral-1-color has-primary-2-background-color has-text-color has-background has-global-padding is-layout-constrained wp-container-core-group-is-layout-86ad42c5 wp-block-group-is-layout-constrained\" style=\"margin-top:0px;margin-bottom:0px;padding-top:var(--wp--preset--spacing--30);padding-right:var(--wp--preset--spacing--30);padding-bottom:var(--wp--preset--spacing--30);padding-left:var(--wp--preset--spacing--30)\">\n<h3 class=\"wp-block-heading has-text-align-center has-copy-font-family\" id=\"h-contactez-nous-pour-accelerer-vos-recrutements-et-maximiser-votre-retour-sur-investissement-grace-a-une-plateforme-d-ia-unifiee\">Contactez-nous pour acc\u00e9l\u00e9rer vos recrutements et maximiser votre retour sur investissement gr\u00e2ce \u00e0 une plateforme d\u2019IA unifi\u00e9e.<\/h3>\n\n\n\n<div class=\"wp-block-buttons is-content-justification-center is-layout-flex wp-container-core-buttons-is-layout-a89b3969 wp-block-buttons-is-layout-flex\">\n<div class=\"wp-block-button\"><a class=\"wp-block-button__link wp-element-button\" href=\"https:\/\/www.radancy.com\/fr\/nous-contacter\/\">DEMANDER UNE D\u00c9MO<\/a><\/div>\n<\/div>\n<\/div>\n","protected":false},"excerpt":{"rendered":"<p>Activer votre marque employeur Nous avons con\u00e7u le Radancy Talent Acquisition Cloud pour vous permettre de d\u00e9ployer la sp\u00e9cificit\u00e9 de votre marque employeur. Nos \u00e9quipes peuvent vous proposer une simple <a class=\"more-link\" href=\"https:\/\/www.radancy.com\/fr\/marque-employeur\/\">Read more&#8230;<\/a><\/p>\n","protected":false},"author":1,"featured_media":0,"parent":0,"menu_order":0,"comment_status":"closed","ping_status":"closed","template":"","meta":{"_acf_changed":false,"_EventAllDay":false,"_EventTimezone":"","_EventStartDate":"","_EventEndDate":"","_EventStartDateUTC":"","_EventEndDateUTC":"","_EventShowMap":false,"_EventShowMapLink":false,"_EventURL":"","_EventCost":"","_EventCostDescription":"","_EventCurrencySymbol":"","_EventCurrencyCode":"","_EventCurrencyPosition":"","_EventDateTimeSeparator":"","_EventTimeRangeSeparator":"","_EventOrganizerID":[],"_EventVenueID":[],"_OrganizerEmail":"","_OrganizerPhone":"","_OrganizerWebsite":"","_VenueAddress":"","_VenueCity":"","_VenueCountry":"","_VenueProvince":"","_VenueState":"","_VenueZip":"","_VenuePhone":"","_VenueURL":"","_VenueStateProvince":"","_VenueLat":"","_VenueLng":"","_VenueShowMap":false,"_VenueShowMapLink":false,"_tribe_blocks_recurrence_rules":"","_tribe_blocks_recurrence_description":"","_tribe_blocks_recurrence_exclusions":"","footnotes":""},"class_list":["post-11924","page","type-page","status-publish","hentry"],"acf":[],"yoast_head":"<!-- This site is optimized with the Yoast SEO Premium plugin v26.2 (Yoast SEO v27.5) - https:\/\/yoast.com\/product\/yoast-seo-premium-wordpress\/ -->\n<title>Cr\u00e9ation de la Marque Employeur et de la Proposition de Valeur Employe | Radancy<\/title>\n<meta name=\"robots\" content=\"index, follow, max-snippet:-1, max-image-preview:large, max-video-preview:-1\" \/>\n<link rel=\"canonical\" href=\"https:\/\/www.radancy.com\/fr\/marque-employeur\/\" \/>\n<meta property=\"og:locale\" content=\"fr_FR\" \/>\n<meta property=\"og:type\" content=\"article\" \/>\n<meta property=\"og:title\" content=\"Cr\u00e9ation de la Marque Employeur et de la Proposition de Valeur Employe\" \/>\n<meta property=\"og:description\" content=\"Activez votre marque employeur et votre proposition de valeur pour l\u2019employeur (EVP) sur le Radancy Talent Acquisition Cloud, gr\u00e2ce \u00e0 des exp\u00e9riences dynamiques pour les candidats et les employ\u00e9s.\" \/>\n<meta property=\"og:url\" content=\"https:\/\/www.radancy.com\/fr\/marque-employeur\/\" \/>\n<meta property=\"og:site_name\" content=\"Radancy\" \/>\n<meta property=\"article:publisher\" content=\"https:\/\/www.facebook.com\/radancy\" \/>\n<meta property=\"article:modified_time\" content=\"2025-06-19T12:25:46+00:00\" \/>\n<meta property=\"og:image\" content=\"https:\/\/tbcdn.talentbrew.com\/company\/34730\/gst_v1\/img\/meta\/Radancy_JobShare-img-FINAL-FR.jpg\" \/>\n<meta name=\"twitter:card\" content=\"summary_large_image\" \/>\n<meta name=\"twitter:title\" content=\"Cr\u00e9ation de la Marque Employeur et de la Proposition de Valeur Employe\" \/>\n<meta name=\"twitter:site\" content=\"@radancyco\" \/>\n<meta name=\"twitter:label1\" content=\"Dur\u00e9e de lecture estim\u00e9e\" \/>\n\t<meta name=\"twitter:data1\" content=\"2 minutes\" \/>\n<script type=\"application\/ld+json\" class=\"yoast-schema-graph\">{\"@context\":\"https:\\\/\\\/schema.org\",\"@graph\":[{\"@type\":\"WebPage\",\"@id\":\"https:\\\/\\\/www.radancy.com\\\/fr\\\/marque-employeur\\\/\",\"url\":\"https:\\\/\\\/www.radancy.com\\\/fr\\\/marque-employeur\\\/\",\"name\":\"Cr\u00e9ation de la Marque Employeur et de la Proposition de Valeur Employe | Radancy\",\"isPartOf\":{\"@id\":\"https:\\\/\\\/www.radancy.com\\\/fr\\\/#website\"},\"primaryImageOfPage\":{\"@id\":\"https:\\\/\\\/www.radancy.com\\\/fr\\\/marque-employeur\\\/#primaryimage\"},\"image\":{\"@id\":\"https:\\\/\\\/www.radancy.com\\\/fr\\\/marque-employeur\\\/#primaryimage\"},\"thumbnailUrl\":\"https:\\\/\\\/www.radancy.com\\\/wp-content\\\/uploads\\\/2023\\\/11\\\/icon-pattern-2.png\",\"datePublished\":\"2023-11-17T03:02:26+00:00\",\"dateModified\":\"2025-06-19T12:25:46+00:00\",\"breadcrumb\":{\"@id\":\"https:\\\/\\\/www.radancy.com\\\/fr\\\/marque-employeur\\\/#breadcrumb\"},\"inLanguage\":\"fr-FR\",\"potentialAction\":[{\"@type\":\"ReadAction\",\"target\":[\"https:\\\/\\\/www.radancy.com\\\/fr\\\/marque-employeur\\\/\"]}]},{\"@type\":\"ImageObject\",\"inLanguage\":\"fr-FR\",\"@id\":\"https:\\\/\\\/www.radancy.com\\\/fr\\\/marque-employeur\\\/#primaryimage\",\"url\":\"https:\\\/\\\/www.radancy.com\\\/wp-content\\\/uploads\\\/2023\\\/11\\\/icon-pattern-2.png\",\"contentUrl\":\"https:\\\/\\\/www.radancy.com\\\/wp-content\\\/uploads\\\/2023\\\/11\\\/icon-pattern-2.png\"},{\"@type\":\"BreadcrumbList\",\"@id\":\"https:\\\/\\\/www.radancy.com\\\/fr\\\/marque-employeur\\\/#breadcrumb\",\"itemListElement\":[{\"@type\":\"ListItem\",\"position\":1,\"name\":\"Home\",\"item\":\"https:\\\/\\\/www.radancy.com\\\/fr\\\/\"},{\"@type\":\"ListItem\",\"position\":2,\"name\":\"Cr\u00e9ation de la Marque Employeur et de la Proposition de Valeur Employe\"}]},{\"@type\":\"WebSite\",\"@id\":\"https:\\\/\\\/www.radancy.com\\\/fr\\\/#website\",\"url\":\"https:\\\/\\\/www.radancy.com\\\/fr\\\/\",\"name\":\"Radancy\",\"description\":\"Create Connections That Count.\",\"publisher\":{\"@id\":\"https:\\\/\\\/www.radancy.com\\\/fr\\\/#organization\"},\"potentialAction\":[{\"@type\":\"SearchAction\",\"target\":{\"@type\":\"EntryPoint\",\"urlTemplate\":\"https:\\\/\\\/www.radancy.com\\\/fr\\\/?s={search_term_string}\"},\"query-input\":{\"@type\":\"PropertyValueSpecification\",\"valueRequired\":true,\"valueName\":\"search_term_string\"}}],\"inLanguage\":\"fr-FR\"},{\"@type\":\"Organization\",\"@id\":\"https:\\\/\\\/www.radancy.com\\\/fr\\\/#organization\",\"name\":\"Radancy\",\"url\":\"https:\\\/\\\/www.radancy.com\\\/fr\\\/\",\"logo\":{\"@type\":\"ImageObject\",\"inLanguage\":\"fr-FR\",\"@id\":\"https:\\\/\\\/www.radancy.com\\\/fr\\\/#\\\/schema\\\/logo\\\/image\\\/\",\"url\":\"https:\\\/\\\/www.radancy.com\\\/wp-content\\\/uploads\\\/2024\\\/06\\\/Radancy_Icon_RGB.svg\",\"contentUrl\":\"https:\\\/\\\/www.radancy.com\\\/wp-content\\\/uploads\\\/2024\\\/06\\\/Radancy_Icon_RGB.svg\",\"width\":1,\"height\":1,\"caption\":\"Radancy\"},\"image\":{\"@id\":\"https:\\\/\\\/www.radancy.com\\\/fr\\\/#\\\/schema\\\/logo\\\/image\\\/\"},\"sameAs\":[\"https:\\\/\\\/www.facebook.com\\\/radancy\",\"https:\\\/\\\/x.com\\\/radancyco\",\"https:\\\/\\\/www.linkedin.com\\\/company\\\/radancy\\\/\",\"https:\\\/\\\/www.youtube.com\\\/Radancy\\\/videos\",\"https:\\\/\\\/www.instagram.com\\\/radancyco\"]}]}<\/script>\n<!-- \/ Yoast SEO Premium plugin. -->","yoast_head_json":{"title":"Cr\u00e9ation de la Marque Employeur et de la Proposition de Valeur Employe | Radancy","robots":{"index":"index","follow":"follow","max-snippet":"max-snippet:-1","max-image-preview":"max-image-preview:large","max-video-preview":"max-video-preview:-1"},"canonical":"https:\/\/www.radancy.com\/fr\/marque-employeur\/","og_locale":"fr_FR","og_type":"article","og_title":"Cr\u00e9ation de la Marque Employeur et de la Proposition de Valeur Employe","og_description":"Activez votre marque employeur et votre proposition de valeur pour l\u2019employeur (EVP) sur le Radancy Talent Acquisition Cloud, gr\u00e2ce \u00e0 des exp\u00e9riences dynamiques pour les candidats et les employ\u00e9s.","og_url":"https:\/\/www.radancy.com\/fr\/marque-employeur\/","og_site_name":"Radancy","article_publisher":"https:\/\/www.facebook.com\/radancy","article_modified_time":"2025-06-19T12:25:46+00:00","og_image":[{"url":"https:\/\/tbcdn.talentbrew.com\/company\/34730\/gst_v1\/img\/meta\/Radancy_JobShare-img-FINAL-FR.jpg","type":"","width":"","height":""}],"twitter_card":"summary_large_image","twitter_title":"Cr\u00e9ation de la Marque Employeur et de la Proposition de Valeur Employe","twitter_site":"@radancyco","twitter_misc":{"Dur\u00e9e de lecture estim\u00e9e":"2 minutes"},"schema":{"@context":"https:\/\/schema.org","@graph":[{"@type":"WebPage","@id":"https:\/\/www.radancy.com\/fr\/marque-employeur\/","url":"https:\/\/www.radancy.com\/fr\/marque-employeur\/","name":"Cr\u00e9ation de la Marque Employeur et de la Proposition de Valeur Employe | Radancy","isPartOf":{"@id":"https:\/\/www.radancy.com\/fr\/#website"},"primaryImageOfPage":{"@id":"https:\/\/www.radancy.com\/fr\/marque-employeur\/#primaryimage"},"image":{"@id":"https:\/\/www.radancy.com\/fr\/marque-employeur\/#primaryimage"},"thumbnailUrl":"https:\/\/www.radancy.com\/wp-content\/uploads\/2023\/11\/icon-pattern-2.png","datePublished":"2023-11-17T03:02:26+00:00","dateModified":"2025-06-19T12:25:46+00:00","breadcrumb":{"@id":"https:\/\/www.radancy.com\/fr\/marque-employeur\/#breadcrumb"},"inLanguage":"fr-FR","potentialAction":[{"@type":"ReadAction","target":["https:\/\/www.radancy.com\/fr\/marque-employeur\/"]}]},{"@type":"ImageObject","inLanguage":"fr-FR","@id":"https:\/\/www.radancy.com\/fr\/marque-employeur\/#primaryimage","url":"https:\/\/www.radancy.com\/wp-content\/uploads\/2023\/11\/icon-pattern-2.png","contentUrl":"https:\/\/www.radancy.com\/wp-content\/uploads\/2023\/11\/icon-pattern-2.png"},{"@type":"BreadcrumbList","@id":"https:\/\/www.radancy.com\/fr\/marque-employeur\/#breadcrumb","itemListElement":[{"@type":"ListItem","position":1,"name":"Home","item":"https:\/\/www.radancy.com\/fr\/"},{"@type":"ListItem","position":2,"name":"Cr\u00e9ation de la Marque Employeur et de la Proposition de Valeur Employe"}]},{"@type":"WebSite","@id":"https:\/\/www.radancy.com\/fr\/#website","url":"https:\/\/www.radancy.com\/fr\/","name":"Radancy","description":"Create Connections That Count.","publisher":{"@id":"https:\/\/www.radancy.com\/fr\/#organization"},"potentialAction":[{"@type":"SearchAction","target":{"@type":"EntryPoint","urlTemplate":"https:\/\/www.radancy.com\/fr\/?s={search_term_string}"},"query-input":{"@type":"PropertyValueSpecification","valueRequired":true,"valueName":"search_term_string"}}],"inLanguage":"fr-FR"},{"@type":"Organization","@id":"https:\/\/www.radancy.com\/fr\/#organization","name":"Radancy","url":"https:\/\/www.radancy.com\/fr\/","logo":{"@type":"ImageObject","inLanguage":"fr-FR","@id":"https:\/\/www.radancy.com\/fr\/#\/schema\/logo\/image\/","url":"https:\/\/www.radancy.com\/wp-content\/uploads\/2024\/06\/Radancy_Icon_RGB.svg","contentUrl":"https:\/\/www.radancy.com\/wp-content\/uploads\/2024\/06\/Radancy_Icon_RGB.svg","width":1,"height":1,"caption":"Radancy"},"image":{"@id":"https:\/\/www.radancy.com\/fr\/#\/schema\/logo\/image\/"},"sameAs":["https:\/\/www.facebook.com\/radancy","https:\/\/x.com\/radancyco","https:\/\/www.linkedin.com\/company\/radancy\/","https:\/\/www.youtube.com\/Radancy\/videos","https:\/\/www.instagram.com\/radancyco"]}]}},"_links":{"self":[{"href":"https:\/\/www.radancy.com\/fr\/wp-json\/wp\/v2\/pages\/11924","targetHints":{"allow":["GET"]}}],"collection":[{"href":"https:\/\/www.radancy.com\/fr\/wp-json\/wp\/v2\/pages"}],"about":[{"href":"https:\/\/www.radancy.com\/fr\/wp-json\/wp\/v2\/types\/page"}],"author":[{"embeddable":true,"href":"https:\/\/www.radancy.com\/fr\/wp-json\/wp\/v2\/users\/1"}],"replies":[{"embeddable":true,"href":"https:\/\/www.radancy.com\/fr\/wp-json\/wp\/v2\/comments?post=11924"}],"version-history":[{"count":0,"href":"https:\/\/www.radancy.com\/fr\/wp-json\/wp\/v2\/pages\/11924\/revisions"}],"wp:attachment":[{"href":"https:\/\/www.radancy.com\/fr\/wp-json\/wp\/v2\/media?parent=11924"}],"curies":[{"name":"wp","href":"https:\/\/api.w.org\/{rel}","templated":true}]}}