{"id":15854,"date":"2024-05-16T10:23:56","date_gmt":"2024-05-16T10:23:56","guid":{"rendered":"https:\/\/www.radancy.com\/?page_id=15854"},"modified":"2024-05-16T10:33:15","modified_gmt":"2024-05-16T10:33:15","slug":"talentpro-expofestival-munchen","status":"publish","type":"page","link":"https:\/\/www.radancy.com\/de\/talentpro-expofestival-munchen\/","title":{"rendered":"TALENTpro Expofestival\u00a0M\u00fcnchen"},"content":{"rendered":"\n<div class=\"wp-block-cover alignfull secondary-hero\"><span aria-hidden=\"true\" class=\"wp-block-cover__background has-primary-1-background-color has-background-dim-100 has-background-dim\"><\/span><div class=\"wp-block-cover__inner-container has-global-padding is-layout-constrained wp-block-cover-is-layout-constrained\">\n<div class=\"wp-block-columns is-layout-flex wp-container-core-columns-is-layout-28f84493 wp-block-columns-is-layout-flex\">\n<div class=\"wp-block-column is-layout-flow wp-block-column-is-layout-flow\">\n<h1 class=\"wp-block-heading has-primary-contrast-light-color has-text-color has-headline-large-font-size\" id=\"h-radancy-auf-der-talentpro-messe-munchen\">Radancy auf der TALENTpro Messe M\u00fcnchen\u200b<\/h1>\n\n\n\n<div class=\"wp-block-buttons is-layout-flex wp-block-buttons-is-layout-flex\">\n<div class=\"wp-block-button\"><a class=\"wp-block-button__link wp-element-button\" href=\"http:\/\/talentpro.de\">Jetzt Tickets buchen<\/a><\/div>\n<\/div>\n<\/div>\n\n\n\n<div class=\"wp-block-column is-layout-flow wp-block-column-is-layout-flow\">\n<figure class=\"wp-block-image size-full header-top animated fadeInRight delay-500ms slower\"><img loading=\"lazy\" decoding=\"async\" width=\"329\" height=\"153\" src=\"https:\/\/www.radancy.com\/wp-content\/uploads\/2024\/05\/talentpro-logo-.png\" alt=\"\" class=\"wp-image-15861\" srcset=\"https:\/\/www.radancy.com\/wp-content\/uploads\/2024\/05\/talentpro-logo-.png 329w, https:\/\/www.radancy.com\/wp-content\/uploads\/2024\/05\/talentpro-logo--300x140.png 300w\" sizes=\"auto, (max-width: 329px) 100vw, 329px\" \/><\/figure>\n<\/div>\n<\/div>\n<\/div><\/div>\n\n\n\n<section class=\"wp-block-group alignfull section--ultra-light-blue get-actionable-insights-padding list-right-content-left has-neutral-1-background-color has-background has-global-padding is-layout-constrained wp-block-group-is-layout-constrained\">\n<div class=\"wp-block-columns are-vertically-aligned-center fs-container feat-content __wds__force__columns__ is-layout-flex wp-container-core-columns-is-layout-28f84493 wp-block-columns-is-layout-flex\">\n<div class=\"wp-block-column is-vertically-aligned-center fs-m-6 is-layout-flow wp-block-column-is-layout-flow\" style=\"flex-basis:50%\">\n<div class=\"wp-block-group section is-vertical is-content-justification-stretch is-layout-flex wp-container-core-group-is-layout-353c4f5a wp-block-group-is-layout-flex\">\n<h2 class=\"wp-block-heading headline--intro\" id=\"h-treffen-sie-unser-team-dieses-jahr-personlich-auf-der-talentpro\">Treffen Sie unser Team dieses Jahr pers\u00f6nlich auf der TALENTpro.<\/h2>\n\n\n\n<div style=\"height:0px\" aria-hidden=\"true\" class=\"wp-block-spacer wp-container-content-cf2db169\"><\/div>\n\n\n\n<p>Wir haben die aktuellsten Innovationen im Gep\u00e4ck und sind gespannt auf den pers\u00f6nlichen Austausch mit Ihnen. Wir freuen uns auf viele spannende Gespr\u00e4che und inspirierende Festivaltage!<\/p>\n\n\n\n<p><strong>Folgende Highlights erwarten Sie auf der TalentPro:<\/strong><\/p>\n\n\n\n<ul class=\"wp-block-list\">\n<li>Workshops, in denen Sie auf interaktive Weise neue F\u00e4higkeiten mit Praxisbezug erwerben k\u00f6nnen.<br><\/li>\n\n\n\n<li>Die neuesten Technologien und innovative L\u00f6sungen f\u00fcr Ihre Recruiting-Herausforderungen<br><\/li>\n\n\n\n<li>Networking-Events, um sich mit anderen Fachleuten auszutauschen und \u00fcber Konzepte und Ideen zu sprechen.<br><\/li>\n\n\n\n<li>Ein Vortrag von Matthias Wolf \u00fcber \u201cDer Weg zum erfolgreichen Mitarbeiter-werben-Mitarbeiter-Programm\u201d<\/li>\n<\/ul>\n<\/div>\n<\/div>\n\n\n\n<div class=\"wp-block-column is-vertically-aligned-center fs-m-6 is-layout-flow wp-block-column-is-layout-flow\" style=\"flex-basis:50%\">\n<div class=\"wp-block-columns is-not-stacked-on-mobile fs-container li-with-icon is-layout-flex wp-container-core-columns-is-layout-28f84493 wp-block-columns-is-layout-flex\">\n<div class=\"wp-block-column li-icon fs-2 is-layout-flow wp-block-column-is-layout-flow\" style=\"flex-basis:16.666666666667%\"><section class=\"element-exposed\" style=\"\">\n\t<i class=\"icon icon--width-flow icon--blue icon-monoline-marketing-and-ROI element-exposed\"><\/i><\/section>\n<\/div>\n\n\n\n<div class=\"wp-block-column li-content fs-10 is-layout-flow wp-block-column-is-layout-flow\" style=\"flex-basis:83.333333333333%\">\n<h3 class=\"wp-block-heading headline\" id=\"h-11-12-6\">11.-12.6.<\/h3>\n<\/div>\n<\/div>\n\n\n\n<div class=\"wp-block-columns is-not-stacked-on-mobile fs-container li-with-icon is-layout-flex wp-container-core-columns-is-layout-28f84493 wp-block-columns-is-layout-flex\">\n<div class=\"wp-block-column li-icon fs-2 is-layout-flow wp-block-column-is-layout-flow\" style=\"flex-basis:16.666666666667%\"><section class=\"element-exposed\" style=\"\">\n\t<i class=\"icon icon--width-flow icon--blue icon-monoline-job-performance-insights element-exposed\"><\/i><\/section>\n<\/div>\n\n\n\n<div class=\"wp-block-column li-content fs-10 is-layout-flow wp-block-column-is-layout-flow\" style=\"flex-basis:83.333333333333%\">\n<h3 class=\"wp-block-heading headline\" id=\"h-zenith-munchen-lilienthalallee-29-munchen-deutschland\">Zenith M\u00fcnchen, Lilienthalallee 29, M\u00fcnchen, Deutschland<\/h3>\n<\/div>\n<\/div>\n\n\n\n<div class=\"wp-block-columns is-not-stacked-on-mobile fs-container li-with-icon is-layout-flex wp-container-core-columns-is-layout-28f84493 wp-block-columns-is-layout-flex\">\n<div class=\"wp-block-column li-icon fs-2 is-layout-flow wp-block-column-is-layout-flow\" style=\"flex-basis:16.666666666667%\"><section class=\"element-exposed\" style=\"\">\n\t<i class=\"icon icon--width-flow icon--blue icon-monoline-candidate-intelligence element-exposed\"><\/i><\/section>\n<\/div>\n\n\n\n<div class=\"wp-block-column li-content fs-10 is-layout-flow wp-block-column-is-layout-flow\" style=\"flex-basis:83.333333333333%\">\n<h3 class=\"wp-block-heading headline\" id=\"h-unser-stand-standnummer-e-01-halle-zenith\">Unser Stand: Standnummer: E.01 \/\/ Halle: Zenith<\/h3>\n<\/div>\n<\/div>\n\n\n\n<div class=\"wp-block-columns is-not-stacked-on-mobile fs-container li-with-icon is-layout-flex wp-container-core-columns-is-layout-28f84493 wp-block-columns-is-layout-flex\">\n<div class=\"wp-block-column li-icon fs-2 is-layout-flow wp-block-column-is-layout-flow\" style=\"flex-basis:16.666666666667%\"><section class=\"element-exposed\" style=\"\">\n\t<i class=\"icon icon--width-flow icon--blue icon-monoline-recruiter-usage element-exposed\"><\/i><\/section>\n<\/div>\n\n\n\n<div class=\"wp-block-column li-content fs-10 is-layout-flow wp-block-column-is-layout-flow\" style=\"flex-basis:83.333333333333%\">\n<h3 class=\"wp-block-heading headline\">Recruiter usage and efficiency metrics<\/h3>\n<\/div>\n<\/div>\n<\/div>\n<\/div>\n\n\n\n<div style=\"height:50px\" aria-hidden=\"true\" class=\"wp-block-spacer\"><\/div>\n<\/section>\n\n\n\n<div class=\"wp-block-group has-primary-contrast-light-background-color has-background is-vertical is-layout-flex wp-container-core-group-is-layout-cee5a349 wp-block-group-is-layout-flex\" style=\"padding-top:var(--wp--preset--spacing--50);padding-right:var(--wp--preset--spacing--30);padding-bottom:var(--wp--preset--spacing--50);padding-left:var(--wp--preset--spacing--30)\">\n<div class=\"wp-block-group is-vertical is-layout-flex wp-container-core-group-is-layout-fe9cc265 wp-block-group-is-layout-flex\">\n<h2 class=\"wp-block-heading has-text-align-left has-primary-3-color has-text-color has-link-color has-accent-font-family wp-elements-30984c302d13b12fbfc084f52e852089\" id=\"h-speaker-slots\"><span class=\"headline--pre\"><span class=\"headline--pre\">Speaker Slots<\/span><\/span><\/h2>\n\n\n\n<div class=\"wp-block-columns is-layout-flex wp-container-core-columns-is-layout-28f84493 wp-block-columns-is-layout-flex\">\n<div class=\"wp-block-column is-layout-flow wp-block-column-is-layout-flow\">\n<figure class=\"wp-block-image size-full\"><img loading=\"lazy\" decoding=\"async\" width=\"445\" height=\"296\" src=\"https:\/\/www.radancy.com\/wp-content\/uploads\/2023\/11\/matthias-wolf.jpg\" alt=\"\" class=\"wp-image-5086\" srcset=\"https:\/\/www.radancy.com\/wp-content\/uploads\/2023\/11\/matthias-wolf.jpg 445w, https:\/\/www.radancy.com\/wp-content\/uploads\/2023\/11\/matthias-wolf-300x200.jpg 300w\" sizes=\"auto, (max-width: 445px) 100vw, 445px\" \/><\/figure>\n<\/div>\n\n\n\n<div class=\"wp-block-column is-vertically-aligned-center is-layout-flow wp-block-column-is-layout-flow\">\n<div class=\"wp-block-group section pull-up is-vertical is-content-justification-stretch is-layout-flex wp-container-core-group-is-layout-353c4f5a wp-block-group-is-layout-flex\">\n<h2 class=\"wp-block-heading headline--intro\" id=\"h-matthias-wolf\">Matthias Wolf<\/h2>\n\n\n\n<p>Praxisbeispiel &amp; Erfolgsgeschichte zur Einf\u00fchrung, Nutzung und Kandidatenansprache bei Mitarbeiterempfehlungen<\/p>\n\n\n\n<div class=\"wp-block-buttons is-layout-flex wp-block-buttons-is-layout-flex\">\n<div class=\"wp-block-button is-style-fill\"><a class=\"wp-block-button__link has-primary-3-background-color has-background wp-element-button\" href=\"https:\/\/talentpro.de\/talks\/praxisbeispiel-erfolgsgeschichte-zur-einfuehrung-nutzung-und-kandidatenansprache-bei-mitarbeiterempfehlungen\/\">Jetzt Talk ansehen<\/a><\/div>\n<\/div>\n<\/div>\n<\/div>\n\n\n\n<div class=\"wp-block-column is-vertically-aligned-center fs-m-6 is-layout-flow wp-block-column-is-layout-flow\" style=\"flex-basis:30%\">\n<div class=\"wp-block-columns is-not-stacked-on-mobile fs-container card-with-small-visual is-layout-flex wp-container-core-columns-is-layout-28f84493 wp-block-columns-is-layout-flex\">\n<div class=\"wp-block-column is-vertically-aligned-center card-visual-item fs-2 has-primary-3-background-color has-background is-layout-flow wp-block-column-is-layout-flow\" style=\"flex-basis:8%\">\n<p><\/p>\n<\/div>\n\n\n\n<div class=\"wp-block-column is-vertically-aligned-center card-content-item fs-10 is-layout-flow wp-block-column-is-layout-flow\" style=\"flex-basis:83.333333333333%\">\n<h3 class=\"wp-block-heading has-text-align-left headline\" id=\"h-13-05-13-35\">13:05 &#8211; 13:35<\/h3>\n<\/div>\n<\/div>\n\n\n\n<div class=\"wp-block-columns is-not-stacked-on-mobile fs-container card-with-small-visual is-layout-flex wp-container-core-columns-is-layout-28f84493 wp-block-columns-is-layout-flex\">\n<div class=\"wp-block-column is-vertically-aligned-center card-visual-item fs-2 has-primary-3-background-color has-background is-layout-flow wp-block-column-is-layout-flow\" style=\"flex-basis:8%\">\n<p><\/p>\n<\/div>\n\n\n\n<div class=\"wp-block-column is-vertically-aligned-center card-content-item fs-10 is-layout-flow wp-block-column-is-layout-flow\" style=\"flex-basis:83.333333333333%\">\n<h3 class=\"wp-block-heading headline\" id=\"h-12-06-2024-content-stage-1\">12.06.2024 &#8211; Content Stage 1<\/h3>\n<\/div>\n<\/div>\n<\/div>\n<\/div>\n<\/div>\n<\/div>\n\n\n\n<div class=\"wp-block-group has-primary-contrast-light-background-color has-background is-vertical is-layout-flex wp-container-core-group-is-layout-cee5a349 wp-block-group-is-layout-flex\" style=\"padding-top:var(--wp--preset--spacing--50);padding-right:var(--wp--preset--spacing--30);padding-bottom:var(--wp--preset--spacing--50);padding-left:var(--wp--preset--spacing--30)\">\n<h2 class=\"wp-block-heading has-primary-3-color has-text-color has-link-color has-accent-font-family wp-elements-8c3d6f0c8b679e4da8dc404071be6c73\" id=\"h-meet-up-bei-unserem-stand\"><span class=\"headline--pre\"><span class=\"headline--pre\">Meet Up bei unserem Stand<\/span><\/span><\/h2>\n\n\n\n<div class=\"wp-block-columns is-layout-flex wp-container-core-columns-is-layout-28f84493 wp-block-columns-is-layout-flex\">\n<div class=\"wp-block-column is-layout-flow wp-block-column-is-layout-flow\">\n<figure class=\"wp-block-image size-full\"><img loading=\"lazy\" decoding=\"async\" width=\"1200\" height=\"1200\" src=\"https:\/\/www.radancy.com\/wp-content\/uploads\/2024\/05\/8771_28062.jpg\" alt=\"\" class=\"wp-image-15855\" srcset=\"https:\/\/www.radancy.com\/wp-content\/uploads\/2024\/05\/8771_28062.jpg 1200w, https:\/\/www.radancy.com\/wp-content\/uploads\/2024\/05\/8771_28062-300x300.jpg 300w, https:\/\/www.radancy.com\/wp-content\/uploads\/2024\/05\/8771_28062-1024x1024.jpg 1024w, https:\/\/www.radancy.com\/wp-content\/uploads\/2024\/05\/8771_28062-150x150.jpg 150w, https:\/\/www.radancy.com\/wp-content\/uploads\/2024\/05\/8771_28062-768x768.jpg 768w, https:\/\/www.radancy.com\/wp-content\/uploads\/2024\/05\/8771_28062-1080x1080.jpg 1080w\" sizes=\"auto, (max-width: 1200px) 100vw, 1200px\" \/><\/figure>\n<\/div>\n\n\n\n<div class=\"wp-block-column is-vertically-aligned-center is-layout-flow wp-block-column-is-layout-flow\">\n<div class=\"wp-block-group section pull-up is-vertical is-content-justification-stretch is-layout-flex wp-container-core-group-is-layout-353c4f5a wp-block-group-is-layout-flex\">\n<h2 class=\"wp-block-heading headline--intro\" id=\"h-lukas-richthammer\">Lukas Richthammer<\/h2>\n\n\n\n<p>Die vernetzte Karriereseite als Herzst\u00fcck einer datengetriebenen Candidate Journey.<\/p>\n\n\n\n<div class=\"wp-block-buttons is-layout-flex wp-block-buttons-is-layout-flex\">\n<div class=\"wp-block-button is-style-fill\"><a class=\"wp-block-button__link has-primary-3-background-color has-background wp-element-button\" href=\"https:\/\/talentpro.de\/talks\/die-vernetzte-karriereseite-als-herzstueck-einer-datengetriebenen-candidate-journey\/\">Jetzt Talk ansehen<\/a><\/div>\n<\/div>\n<\/div>\n<\/div>\n\n\n\n<div class=\"wp-block-column is-vertically-aligned-center fs-m-6 is-layout-flow wp-block-column-is-layout-flow\" style=\"flex-basis:30%\">\n<div class=\"wp-block-columns is-not-stacked-on-mobile fs-container card-with-small-visual is-layout-flex wp-container-core-columns-is-layout-28f84493 wp-block-columns-is-layout-flex\">\n<div class=\"wp-block-column is-vertically-aligned-center card-visual-item fs-2 has-primary-3-background-color has-background is-layout-flow wp-block-column-is-layout-flow\" style=\"flex-basis:8%\">\n<p><\/p>\n<\/div>\n\n\n\n<div class=\"wp-block-column is-vertically-aligned-center card-content-item fs-10 is-layout-flow wp-block-column-is-layout-flow\" style=\"flex-basis:83.333333333333%\">\n<h3 class=\"wp-block-heading headline\" id=\"h-12-30-12-45\">12:30 &#8211; 12:45 <\/h3>\n<\/div>\n<\/div>\n\n\n\n<div class=\"wp-block-columns is-not-stacked-on-mobile fs-container card-with-small-visual is-layout-flex wp-container-core-columns-is-layout-28f84493 wp-block-columns-is-layout-flex\">\n<div class=\"wp-block-column is-vertically-aligned-center card-visual-item fs-2 has-primary-3-background-color has-background is-layout-flow wp-block-column-is-layout-flow\" style=\"flex-basis:8%\">\n<p><\/p>\n<\/div>\n\n\n\n<div class=\"wp-block-column is-vertically-aligned-center card-content-item fs-10 is-layout-flow wp-block-column-is-layout-flow\" style=\"flex-basis:83.333333333333%\">\n<h3 class=\"wp-block-heading headline\" id=\"h-11-06-2024-meet-ups\">11.06.2024 &#8211; Meet-ups<\/h3>\n<\/div>\n<\/div>\n<\/div>\n<\/div>\n<\/div>\n\n\n\n<div style=\"height:100px\" aria-hidden=\"true\" class=\"wp-block-spacer\"><\/div>\n\n\n\n<section class=\"wp-block-group alignfull cta-with-text section is-vertical is-content-justification-stretch is-layout-flex wp-container-core-group-is-layout-353c4f5a wp-block-group-is-layout-flex\">\n<div class=\"wp-block-group section section--centered section--extra-spacing has-primary-2-background-color has-background is-vertical is-content-justification-stretch is-layout-flex wp-container-core-group-is-layout-353c4f5a wp-block-group-is-layout-flex\">\n<div style=\"height:0px\" aria-hidden=\"true\" class=\"wp-block-spacer wp-container-content-6388d5dc\"><\/div>\n\n\n\n<div class=\"wp-block-group is-vertical is-content-justification-center is-layout-flex wp-container-core-group-is-layout-ce155fab wp-block-group-is-layout-flex\">\n<h2 class=\"wp-block-heading headline--intro has-neutral-1-color has-text-color has-link-color wp-elements-a020cf6d5864166ec6eefd17931048c0\" id=\"h-seien-sie-dabei\">Seien Sie dabei<\/h2>\n\n\n\n<div style=\"height:0px\" aria-hidden=\"true\" class=\"wp-block-spacer wp-container-content-b30579f5\"><\/div>\n\n\n\n<div class=\"wp-block-group is-layout-flow wp-block-group-is-layout-flow\">\n<div class=\"wp-block-buttons button button--arrow is-content-justification-center is-layout-flex wp-container-core-buttons-is-layout-a89b3969 wp-block-buttons-is-layout-flex\">\n<div class=\"wp-block-button\"><a class=\"wp-block-button__link wp-element-button\" href=\"https:\/\/talentpro.de\/\">Tickets buchen und Link hierzu<\/a><\/div>\n<\/div>\n<\/div>\n\n\n\n<div style=\"height:0px\" aria-hidden=\"true\" class=\"wp-block-spacer wp-container-content-6388d5dc\"><\/div>\n<\/div>\n<\/div>\n<\/section>\n","protected":false},"excerpt":{"rendered":"<p>Treffen Sie unser Team dieses Jahr pers\u00f6nlich auf der TALENTpro. Wir haben die aktuellsten Innovationen im Gep\u00e4ck und sind gespannt auf den pers\u00f6nlichen Austausch mit Ihnen. Wir freuen uns auf <a class=\"more-link\" href=\"https:\/\/www.radancy.com\/de\/talentpro-expofestival-munchen\/\">Read more&#8230;<\/a><\/p>\n","protected":false},"author":1,"featured_media":0,"parent":0,"menu_order":0,"comment_status":"closed","ping_status":"closed","template":"","meta":{"_acf_changed":true,"_EventAllDay":false,"_EventTimezone":"","_EventStartDate":"","_EventEndDate":"","_EventStartDateUTC":"","_EventEndDateUTC":"","_EventShowMap":false,"_EventShowMapLink":false,"_EventURL":"","_EventCost":"","_EventCostDescription":"","_EventCurrencySymbol":"","_EventCurrencyCode":"","_EventCurrencyPosition":"","_EventDateTimeSeparator":"","_EventTimeRangeSeparator":"","_EventOrganizerID":[],"_EventVenueID":[],"_OrganizerEmail":"","_OrganizerPhone":"","_OrganizerWebsite":"","_VenueAddress":"","_VenueCity":"","_VenueCountry":"","_VenueProvince":"","_VenueState":"","_VenueZip":"","_VenuePhone":"","_VenueURL":"","_VenueStateProvince":"","_VenueLat":"","_VenueLng":"","_VenueShowMap":false,"_VenueShowMapLink":false,"_tribe_blocks_recurrence_rules":"","_tribe_blocks_recurrence_description":"","_tribe_blocks_recurrence_exclusions":"","footnotes":""},"class_list":["post-15854","page","type-page","status-publish","hentry"],"acf":[],"yoast_head":"<!-- This site is optimized with the Yoast SEO Premium plugin v26.2 (Yoast SEO v27.5) - https:\/\/yoast.com\/product\/yoast-seo-premium-wordpress\/ -->\n<title>Radancy auf der TalentPro Messe (M\u00fcnchen) - Radancy<\/title>\n<meta name=\"description\" content=\"Treffen Sie unser Team dieses Jahr pers\u00f6nlich auf der TalentPro.\" \/>\n<meta name=\"robots\" content=\"index, follow, max-snippet:-1, max-image-preview:large, max-video-preview:-1\" \/>\n<link rel=\"canonical\" href=\"https:\/\/www.radancy.com\/de\/talentpro-expofestival-munchen\/\" \/>\n<meta property=\"og:locale\" content=\"de_DE\" \/>\n<meta property=\"og:type\" content=\"article\" \/>\n<meta property=\"og:title\" content=\"TALENTpro Expofestival\u00a0M\u00fcnchen\" \/>\n<meta property=\"og:description\" content=\"Treffen Sie unser Team dieses Jahr pers\u00f6nlich auf der TalentPro.\" \/>\n<meta property=\"og:url\" content=\"https:\/\/www.radancy.com\/de\/talentpro-expofestival-munchen\/\" \/>\n<meta property=\"og:site_name\" content=\"Radancy\" \/>\n<meta property=\"article:publisher\" content=\"https:\/\/www.facebook.com\/radancy\" \/>\n<meta property=\"article:modified_time\" content=\"2024-05-16T10:33:15+00:00\" \/>\n<meta property=\"og:image\" content=\"https:\/\/www.radancy.com\/wp-content\/uploads\/2024\/05\/talentpro-logo-.png\" \/>\n<meta name=\"twitter:card\" content=\"summary_large_image\" \/>\n<meta name=\"twitter:site\" content=\"@radancyco\" \/>\n<meta name=\"twitter:label1\" content=\"Gesch\u00e4tzte Lesezeit\" \/>\n\t<meta name=\"twitter:data1\" content=\"2 Minuten\" \/>\n<script type=\"application\/ld+json\" class=\"yoast-schema-graph\">{\"@context\":\"https:\\\/\\\/schema.org\",\"@graph\":[{\"@type\":\"WebPage\",\"@id\":\"https:\\\/\\\/www.radancy.com\\\/de\\\/talentpro-expofestival-munchen\\\/\",\"url\":\"https:\\\/\\\/www.radancy.com\\\/de\\\/talentpro-expofestival-munchen\\\/\",\"name\":\"Radancy auf der TalentPro Messe (M\u00fcnchen) - Radancy\",\"isPartOf\":{\"@id\":\"https:\\\/\\\/www.radancy.com\\\/de\\\/#website\"},\"primaryImageOfPage\":{\"@id\":\"https:\\\/\\\/www.radancy.com\\\/de\\\/talentpro-expofestival-munchen\\\/#primaryimage\"},\"image\":{\"@id\":\"https:\\\/\\\/www.radancy.com\\\/de\\\/talentpro-expofestival-munchen\\\/#primaryimage\"},\"thumbnailUrl\":\"https:\\\/\\\/www.radancy.com\\\/wp-content\\\/uploads\\\/2024\\\/05\\\/talentpro-logo-.png\",\"datePublished\":\"2024-05-16T10:23:56+00:00\",\"dateModified\":\"2024-05-16T10:33:15+00:00\",\"description\":\"Treffen Sie unser Team dieses Jahr pers\u00f6nlich auf der TalentPro.\",\"breadcrumb\":{\"@id\":\"https:\\\/\\\/www.radancy.com\\\/de\\\/talentpro-expofestival-munchen\\\/#breadcrumb\"},\"inLanguage\":\"de-DE\",\"potentialAction\":[{\"@type\":\"ReadAction\",\"target\":[\"https:\\\/\\\/www.radancy.com\\\/de\\\/talentpro-expofestival-munchen\\\/\"]}]},{\"@type\":\"ImageObject\",\"inLanguage\":\"de-DE\",\"@id\":\"https:\\\/\\\/www.radancy.com\\\/de\\\/talentpro-expofestival-munchen\\\/#primaryimage\",\"url\":\"https:\\\/\\\/www.radancy.com\\\/wp-content\\\/uploads\\\/2024\\\/05\\\/talentpro-logo-.png\",\"contentUrl\":\"https:\\\/\\\/www.radancy.com\\\/wp-content\\\/uploads\\\/2024\\\/05\\\/talentpro-logo-.png\"},{\"@type\":\"BreadcrumbList\",\"@id\":\"https:\\\/\\\/www.radancy.com\\\/de\\\/talentpro-expofestival-munchen\\\/#breadcrumb\",\"itemListElement\":[{\"@type\":\"ListItem\",\"position\":1,\"name\":\"Home\",\"item\":\"https:\\\/\\\/www.radancy.com\\\/de\\\/\"},{\"@type\":\"ListItem\",\"position\":2,\"name\":\"TALENTpro Expofestival\u00a0M\u00fcnchen\"}]},{\"@type\":\"WebSite\",\"@id\":\"https:\\\/\\\/www.radancy.com\\\/de\\\/#website\",\"url\":\"https:\\\/\\\/www.radancy.com\\\/de\\\/\",\"name\":\"Radancy\",\"description\":\"Create Connections That Count.\",\"publisher\":{\"@id\":\"https:\\\/\\\/www.radancy.com\\\/de\\\/#organization\"},\"potentialAction\":[{\"@type\":\"SearchAction\",\"target\":{\"@type\":\"EntryPoint\",\"urlTemplate\":\"https:\\\/\\\/www.radancy.com\\\/de\\\/?s={search_term_string}\"},\"query-input\":{\"@type\":\"PropertyValueSpecification\",\"valueRequired\":true,\"valueName\":\"search_term_string\"}}],\"inLanguage\":\"de-DE\"},{\"@type\":\"Organization\",\"@id\":\"https:\\\/\\\/www.radancy.com\\\/de\\\/#organization\",\"name\":\"Radancy\",\"url\":\"https:\\\/\\\/www.radancy.com\\\/de\\\/\",\"logo\":{\"@type\":\"ImageObject\",\"inLanguage\":\"de-DE\",\"@id\":\"https:\\\/\\\/www.radancy.com\\\/de\\\/#\\\/schema\\\/logo\\\/image\\\/\",\"url\":\"https:\\\/\\\/www.radancy.com\\\/wp-content\\\/uploads\\\/2024\\\/06\\\/Radancy_Icon_RGB.svg\",\"contentUrl\":\"https:\\\/\\\/www.radancy.com\\\/wp-content\\\/uploads\\\/2024\\\/06\\\/Radancy_Icon_RGB.svg\",\"width\":1,\"height\":1,\"caption\":\"Radancy\"},\"image\":{\"@id\":\"https:\\\/\\\/www.radancy.com\\\/de\\\/#\\\/schema\\\/logo\\\/image\\\/\"},\"sameAs\":[\"https:\\\/\\\/www.facebook.com\\\/radancy\",\"https:\\\/\\\/x.com\\\/radancyco\",\"https:\\\/\\\/www.linkedin.com\\\/company\\\/radancy\\\/\",\"https:\\\/\\\/www.youtube.com\\\/Radancy\\\/videos\",\"https:\\\/\\\/www.instagram.com\\\/radancyco\"]}]}<\/script>\n<!-- \/ Yoast SEO Premium plugin. -->","yoast_head_json":{"title":"Radancy auf der TalentPro Messe (M\u00fcnchen) - Radancy","description":"Treffen Sie unser Team dieses Jahr pers\u00f6nlich auf der TalentPro.","robots":{"index":"index","follow":"follow","max-snippet":"max-snippet:-1","max-image-preview":"max-image-preview:large","max-video-preview":"max-video-preview:-1"},"canonical":"https:\/\/www.radancy.com\/de\/talentpro-expofestival-munchen\/","og_locale":"de_DE","og_type":"article","og_title":"TALENTpro Expofestival\u00a0M\u00fcnchen","og_description":"Treffen Sie unser Team dieses Jahr pers\u00f6nlich auf der TalentPro.","og_url":"https:\/\/www.radancy.com\/de\/talentpro-expofestival-munchen\/","og_site_name":"Radancy","article_publisher":"https:\/\/www.facebook.com\/radancy","article_modified_time":"2024-05-16T10:33:15+00:00","og_image":[{"url":"https:\/\/www.radancy.com\/wp-content\/uploads\/2024\/05\/talentpro-logo-.png","type":"","width":"","height":""}],"twitter_card":"summary_large_image","twitter_site":"@radancyco","twitter_misc":{"Gesch\u00e4tzte Lesezeit":"2 Minuten"},"schema":{"@context":"https:\/\/schema.org","@graph":[{"@type":"WebPage","@id":"https:\/\/www.radancy.com\/de\/talentpro-expofestival-munchen\/","url":"https:\/\/www.radancy.com\/de\/talentpro-expofestival-munchen\/","name":"Radancy auf der TalentPro Messe (M\u00fcnchen) - Radancy","isPartOf":{"@id":"https:\/\/www.radancy.com\/de\/#website"},"primaryImageOfPage":{"@id":"https:\/\/www.radancy.com\/de\/talentpro-expofestival-munchen\/#primaryimage"},"image":{"@id":"https:\/\/www.radancy.com\/de\/talentpro-expofestival-munchen\/#primaryimage"},"thumbnailUrl":"https:\/\/www.radancy.com\/wp-content\/uploads\/2024\/05\/talentpro-logo-.png","datePublished":"2024-05-16T10:23:56+00:00","dateModified":"2024-05-16T10:33:15+00:00","description":"Treffen Sie unser Team dieses Jahr pers\u00f6nlich auf der TalentPro.","breadcrumb":{"@id":"https:\/\/www.radancy.com\/de\/talentpro-expofestival-munchen\/#breadcrumb"},"inLanguage":"de-DE","potentialAction":[{"@type":"ReadAction","target":["https:\/\/www.radancy.com\/de\/talentpro-expofestival-munchen\/"]}]},{"@type":"ImageObject","inLanguage":"de-DE","@id":"https:\/\/www.radancy.com\/de\/talentpro-expofestival-munchen\/#primaryimage","url":"https:\/\/www.radancy.com\/wp-content\/uploads\/2024\/05\/talentpro-logo-.png","contentUrl":"https:\/\/www.radancy.com\/wp-content\/uploads\/2024\/05\/talentpro-logo-.png"},{"@type":"BreadcrumbList","@id":"https:\/\/www.radancy.com\/de\/talentpro-expofestival-munchen\/#breadcrumb","itemListElement":[{"@type":"ListItem","position":1,"name":"Home","item":"https:\/\/www.radancy.com\/de\/"},{"@type":"ListItem","position":2,"name":"TALENTpro Expofestival\u00a0M\u00fcnchen"}]},{"@type":"WebSite","@id":"https:\/\/www.radancy.com\/de\/#website","url":"https:\/\/www.radancy.com\/de\/","name":"Radancy","description":"Create Connections That Count.","publisher":{"@id":"https:\/\/www.radancy.com\/de\/#organization"},"potentialAction":[{"@type":"SearchAction","target":{"@type":"EntryPoint","urlTemplate":"https:\/\/www.radancy.com\/de\/?s={search_term_string}"},"query-input":{"@type":"PropertyValueSpecification","valueRequired":true,"valueName":"search_term_string"}}],"inLanguage":"de-DE"},{"@type":"Organization","@id":"https:\/\/www.radancy.com\/de\/#organization","name":"Radancy","url":"https:\/\/www.radancy.com\/de\/","logo":{"@type":"ImageObject","inLanguage":"de-DE","@id":"https:\/\/www.radancy.com\/de\/#\/schema\/logo\/image\/","url":"https:\/\/www.radancy.com\/wp-content\/uploads\/2024\/06\/Radancy_Icon_RGB.svg","contentUrl":"https:\/\/www.radancy.com\/wp-content\/uploads\/2024\/06\/Radancy_Icon_RGB.svg","width":1,"height":1,"caption":"Radancy"},"image":{"@id":"https:\/\/www.radancy.com\/de\/#\/schema\/logo\/image\/"},"sameAs":["https:\/\/www.facebook.com\/radancy","https:\/\/x.com\/radancyco","https:\/\/www.linkedin.com\/company\/radancy\/","https:\/\/www.youtube.com\/Radancy\/videos","https:\/\/www.instagram.com\/radancyco"]}]}},"_links":{"self":[{"href":"https:\/\/www.radancy.com\/de\/wp-json\/wp\/v2\/pages\/15854","targetHints":{"allow":["GET"]}}],"collection":[{"href":"https:\/\/www.radancy.com\/de\/wp-json\/wp\/v2\/pages"}],"about":[{"href":"https:\/\/www.radancy.com\/de\/wp-json\/wp\/v2\/types\/page"}],"author":[{"embeddable":true,"href":"https:\/\/www.radancy.com\/de\/wp-json\/wp\/v2\/users\/1"}],"replies":[{"embeddable":true,"href":"https:\/\/www.radancy.com\/de\/wp-json\/wp\/v2\/comments?post=15854"}],"version-history":[{"count":0,"href":"https:\/\/www.radancy.com\/de\/wp-json\/wp\/v2\/pages\/15854\/revisions"}],"wp:attachment":[{"href":"https:\/\/www.radancy.com\/de\/wp-json\/wp\/v2\/media?parent=15854"}],"curies":[{"name":"wp","href":"https:\/\/api.w.org\/{rel}","templated":true}]}}